{"id":1086,"date":"2026-08-31T18:43:44","date_gmt":"2026-08-31T16:43:44","guid":{"rendered":"https:\/\/humanosh.org\/?page_id=1086"},"modified":"2026-08-31T18:43:44","modified_gmt":"2026-08-31T16:43:44","slug":"historia-rodziny-hendel","status":"publish","type":"page","link":"https:\/\/humanosh.org\/en\/historia-rodziny-hendel\/","title":{"rendered":"Historia rodziny Hendel"},"content":{"rendered":"<p class=\"wp-block-paragraph\">Bezalel (Calek) Artur Hendel urodzi\u0142 si\u0119 14 sierpnia 1887 r. w Lipnie w zaborze rosyjskim \u2013 obecnie jest to Polska. W niezamo\u017cnej, pobo\u017cnej rodzinie \u017cydowskiej. Jako m\u0142ody cz\u0142owiek uczy\u0142 si\u0119, aby zosta\u0107 kantorem, czyli prowadz\u0105cym modlitw\u0119 i koszernym rze\u017anikiem. W tym celu odwiedzi\u0142 swojego starszego brata, kt\u00f3ry by\u0142 ju\u017c rze\u017anikiem w Zagrzebiu. Na pocz\u0105tku lat 20. wyemigrowa\u0142 do Berlina i pocz\u0105tkowo pe\u0142ni\u0142 obowi\u0105zki zar\u00f3wno kantora jak i rze\u017anika.<\/p>\n\n\n\n<p class=\"wp-block-paragraph\">W nocy 28 pa\u017adziernika 1938 roku, w ramach Polenaktion, Artur zosta\u0142 wyp\u0119dzony do miejscowo\u015bci Bentschen (obecnie Zb\u0105szy\u0144). Wierzy\u0142, \u017ce jako przyzwoitemu niemieckiemu podatnikowi nic mu si\u0119 nie stanie, wi\u0119c nie chcia\u0142 si\u0119 wcze\u015bniej ukry\u0107, jak zrobi\u0142o wielu jego przyjaci\u00f3\u0142. Rodzina nie mia\u0142a mo\u017cliwo\u015bci skontaktowania si\u0119 z nim. Po dw\u00f3ch tygodniach mia\u0142 miejsce w Berlinie, gdzie zostawi\u0142 \u017con\u0119 i c\u00f3rk\u0119 oraz mia\u0142a miejsce, Noc Kryszta\u0142owa. Jego \u017cona Zosia, b\u0119d\u0105c \u015bwiadkiem pl\u0105drowania s\u0105siedniego sklepu postanowi\u0142a sprzeda\u0107 rodzinny biznes i z\u0142o\u017cy\u0107 wniosek o emigracj\u0119 do Wielkiej Brytanii lub do Palestyny. Wys\u0142a\u0142a wszystko, co posiadali, do Hamburga i zap\u0142aci\u0142a z g\u00f3ry za wysy\u0142k\u0119 do kraju, kt\u00f3ry zapewni\u0142by im schronienie. Hadassa przesta\u0142a chodzi\u0107 do szko\u0142y i tymczasowo zosta\u0142a oddana pod opiek\u0119 siostry mamy ciotki Reginy.<\/p>\n\n\n\n<p class=\"wp-block-paragraph\">W czerwcu 1939 Arturowi uda\u0142o si\u0119 wr\u00f3ci\u0107 do Berlina. W oczekiwaniu na dokumenty imigracyjne, rodzina zdecydowa\u0142a si\u0119 wyjecha\u0107 do Drohobycza, by zosta\u0107 z rodzicami Zosi. Zgody na emigracj\u0119 nigdy nie dostali.<\/p>\n\n\n\n<p class=\"wp-block-paragraph\">W 1941 r., po ataku Niemiec na Rosj\u0119, w Drohobyczu utworzono getto. Rodzina unikn\u0119\u0142a wst\u0119pnej \u0142apanki, poniewa\u017c nie zosta\u0142a uwzgl\u0119dniona w spisie jako mieszka\u0144cy. Izydora Wo\u0142osia\u0144skiego poznali przez pracodawc\u0119 brata Zosi, Seiferta. Byli jednymi z pierwszych mieszka\u0144c\u00f3w piwnicy.<\/p>\n\n\n\n<figure class=\"wp-block-pullquote\"><blockquote><p>Shlomo Wygodny<br><\/p><cite>\u201cA good part of us moving is that I have to open old boxes and look at their content. And look what I found \u2013 my grandfather Calek (Bezalel, Artur) worked in the Seifert factory at Szaszkiewicza 9. So, he had lots of documents about it \u2013 and they all survived the war. I scanned these work permits, that include the Szaszkiewicza address. The first is actually \u201cinvitation\u201d to the police \u2013 actually an \u201cAction\u201d to deport some of the Jews to camps. Luckily he probably escaped it\u201d. <\/cite><\/blockquote><\/figure>\n\n\n\n<figure class=\"wp-block-gallery has-nested-images columns-5 is-cropped wp-block-gallery-1 is-layout-flex wp-block-gallery-is-layout-flex\">\n<figure class=\"wp-block-image size-large\"><img loading=\"lazy\" decoding=\"async\" width=\"471\" height=\"640\" data-id=\"951\" src=\"https:\/\/humanosh.org\/wp-content\/uploads\/2026\/08\/Arturs-work-pass-issued-in-Drohobych.jpg\" alt=\"Przepustka robotnicza B.A. (Calka) Hendla\" class=\"wp-image-951\" style=\"aspect-ratio:1\" srcset=\"https:\/\/humanosh.org\/wp-content\/uploads\/2026\/08\/Arturs-work-pass-issued-in-Drohobych.jpg 471w, https:\/\/humanosh.org\/wp-content\/uploads\/2026\/08\/Arturs-work-pass-issued-in-Drohobych-221x300.jpg 221w, https:\/\/humanosh.org\/wp-content\/uploads\/2026\/08\/Arturs-work-pass-issued-in-Drohobych-9x12.jpg 9w\" sizes=\"auto, (max-width: 471px) 100vw, 471px\" \/><figcaption class=\"wp-element-caption\">Przepustka robotnicza B.A. (Calka) Hendla<\/figcaption><\/figure>\n\n\n\n<figure class=\"wp-block-image size-large\"><img loading=\"lazy\" decoding=\"async\" width=\"891\" height=\"640\" data-id=\"957\" src=\"https:\/\/humanosh.org\/wp-content\/uploads\/2026\/08\/Victim-of-Fascism-certification-of-B.A.-Hendel-issued-by-Berlin-City-Magistrate.jpg\" alt=\"Legitymacja ofiary faszyzmu B.A. Hendla, wydana przez urz\u0105d w Berlinie\" class=\"wp-image-957\" style=\"aspect-ratio:1\" srcset=\"https:\/\/humanosh.org\/wp-content\/uploads\/2026\/08\/Victim-of-Fascism-certification-of-B.A.-Hendel-issued-by-Berlin-City-Magistrate.jpg 891w, https:\/\/humanosh.org\/wp-content\/uploads\/2026\/08\/Victim-of-Fascism-certification-of-B.A.-Hendel-issued-by-Berlin-City-Magistrate-300x215.jpg 300w, https:\/\/humanosh.org\/wp-content\/uploads\/2026\/08\/Victim-of-Fascism-certification-of-B.A.-Hendel-issued-by-Berlin-City-Magistrate-768x552.jpg 768w, https:\/\/humanosh.org\/wp-content\/uploads\/2026\/08\/Victim-of-Fascism-certification-of-B.A.-Hendel-issued-by-Berlin-City-Magistrate-18x12.jpg 18w\" sizes=\"auto, (max-width: 891px) 100vw, 891px\" \/><figcaption class=\"wp-element-caption\">Legitymacja ofiary faszyzmu B.A. Hendla, wydana przez urz\u0105d w Berlinie<\/figcaption><\/figure>\n\n\n\n<figure class=\"wp-block-image size-large\"><img loading=\"lazy\" decoding=\"async\" width=\"902\" height=\"640\" data-id=\"950\" src=\"https:\/\/humanosh.org\/wp-content\/uploads\/2026\/08\/Zofia-Hendel.s-criminal-records-proving-she-hadnt-been-convicted-of-any-serious-offense-against-German-gover-1.jpg\" alt=\"Za\u015bwiadczenie o niekaralno\u015bci Zofii Hendel\" class=\"wp-image-950\" style=\"aspect-ratio:1\" srcset=\"https:\/\/humanosh.org\/wp-content\/uploads\/2026\/08\/Zofia-Hendel.s-criminal-records-proving-she-hadnt-been-convicted-of-any-serious-offense-against-German-gover-1.jpg 902w, https:\/\/humanosh.org\/wp-content\/uploads\/2026\/08\/Zofia-Hendel.s-criminal-records-proving-she-hadnt-been-convicted-of-any-serious-offense-against-German-gover-1-300x213.jpg 300w, https:\/\/humanosh.org\/wp-content\/uploads\/2026\/08\/Zofia-Hendel.s-criminal-records-proving-she-hadnt-been-convicted-of-any-serious-offense-against-German-gover-1-768x545.jpg 768w, https:\/\/humanosh.org\/wp-content\/uploads\/2026\/08\/Zofia-Hendel.s-criminal-records-proving-she-hadnt-been-convicted-of-any-serious-offense-against-German-gover-1-18x12.jpg 18w\" sizes=\"auto, (max-width: 902px) 100vw, 902px\" \/><figcaption class=\"wp-element-caption\">Za\u015bwiadczenie o niekaralno\u015bci Zofii Hendel<\/figcaption><\/figure>\n\n\n\n<figure class=\"wp-block-image size-large\"><img loading=\"lazy\" decoding=\"async\" width=\"493\" height=\"481\" data-id=\"955\" src=\"https:\/\/humanosh.org\/wp-content\/uploads\/2026\/08\/Inventory-of-Arturs-personal-possessions-3-1.jpg\" alt=\"Wykaz przedmiot\u00f3w osobistych B.A. Hendla\" class=\"wp-image-955\" style=\"aspect-ratio:1\" srcset=\"https:\/\/humanosh.org\/wp-content\/uploads\/2026\/08\/Inventory-of-Arturs-personal-possessions-3-1.jpg 493w, https:\/\/humanosh.org\/wp-content\/uploads\/2026\/08\/Inventory-of-Arturs-personal-possessions-3-1-300x293.jpg 300w, https:\/\/humanosh.org\/wp-content\/uploads\/2026\/08\/Inventory-of-Arturs-personal-possessions-3-1-12x12.jpg 12w\" sizes=\"auto, (max-width: 493px) 100vw, 493px\" \/><figcaption class=\"wp-element-caption\">Wykaz przedmiot\u00f3w osobistych B.A. Hendla<\/figcaption><\/figure>\n\n\n\n<figure class=\"wp-block-image size-large\"><img loading=\"lazy\" decoding=\"async\" width=\"491\" height=\"480\" data-id=\"954\" src=\"https:\/\/humanosh.org\/wp-content\/uploads\/2026\/08\/Inventory-of-Arturs-personal-possessions-2-1.jpg\" alt=\"Wykaz przedmiot\u00f3w osobistych B.A. Hendla\" class=\"wp-image-954\" style=\"aspect-ratio:1\" srcset=\"https:\/\/humanosh.org\/wp-content\/uploads\/2026\/08\/Inventory-of-Arturs-personal-possessions-2-1.jpg 491w, https:\/\/humanosh.org\/wp-content\/uploads\/2026\/08\/Inventory-of-Arturs-personal-possessions-2-1-300x293.jpg 300w, https:\/\/humanosh.org\/wp-content\/uploads\/2026\/08\/Inventory-of-Arturs-personal-possessions-2-1-12x12.jpg 12w\" sizes=\"auto, (max-width: 491px) 100vw, 491px\" \/><figcaption class=\"wp-element-caption\">Wykaz przedmiot\u00f3w osobistych B.A. Hendla<\/figcaption><\/figure>\n<\/figure>\n\n\n\n<p class=\"wp-block-paragraph\">Po wyzwoleniu, we wrze\u015bniu 1945 r. wr\u00f3cili do Berlina z torb\u0105 pe\u0142n\u0105 bekonu jako jedynym baga\u017cem. Ca\u0142y ich dobytek zosta\u0142 zniszczony w 1944 roku podczas bombardowania Hamburga. Pocz\u0105tkowo w dawnej \u017cydowskiej szkole na rogu Rykerstrasse i Oranienburgerstrasse schroni\u0142a ich spo\u0142eczno\u015b\u0107 \u017cydowska.<\/p>\n\n\n\n<p class=\"wp-block-paragraph\">Hadassa odrzuca\u0142a wszystko, co by\u0142o niemieckie. Po roku odm\u00f3wi\u0142a chodzenia do szko\u0142y. Dowiedzia\u0142a si\u0119 o \u017cydowskim sieroci\u0144cu na Iranischenstrasse i grupie Aliyat Hanoar. Stworzy\u0142 on mo\u017cliwo\u015b\u0107 emigracji dla dzieci i m\u0142odzie\u017cy. Do\u0142\u0105czy\u0142a do ruchu wbrew opinii ojca. W 1946 wsiad\u0142a na ci\u0119\u017car\u00f3wk\u0119 z innymi m\u0142odymi lud\u017ami i pojecha\u0142a do Frankfurtu nad Menem. Stamt\u0105d do Pary\u017ca, Marsylii i wreszcie statkiem do Palestyny. Podczas podr\u00f3\u017cy pozna\u0142a swojego przysz\u0142ego m\u0119\u017ca, Michaela Wygodny. Hadassa osiedli\u0142a si\u0119 w Modelet, wiosce w p\u00f3\u0142nocnej Palestynie. W 1948 roku, w wieku 19 lat, do\u0142\u0105czy\u0142a i walczy\u0142a w Plugot Hamachat\u2019z, elitarnej jednostce izraelskiego ruchu niepodleg\u0142o\u015bciowego. Artur i Zosia Hendlowie przenie\u015bli si\u0119 do obozu dla deportowanych w Solstheim w Turyngii. On zosta\u0142 wybrany na arbitra, ona pracowa\u0142a jako bibliotekarka. W 1949 oboje przenie\u015bli si\u0119 do niepodleg\u0142ego Izraela i po\u0142\u0105czyli si\u0119 z Hadass\u0105. Osiedlili si\u0119 na terenie Tel Awiwu. Artur ponownie zacz\u0105\u0142 pracowa\u0107 jako krawiec. Hadassa zosta\u0142a przeszkolona i zosta\u0142a ksi\u0119gow\u0105. Wysz\u0142a za Michaela Wygodnego w 1950 roku. Mieli dwoje dzieci. Artur zmar\u0142 w 1972, Zosia w 1989. Hadassa przeprowadzi\u0142a si\u0119 z Michaelem do osiedla senior\u00f3w w latach 90-tych. Zmar\u0142a w Izraelu.<\/p>\n\n\n\n<figure class=\"wp-block-gallery has-nested-images columns-default is-cropped wp-block-gallery-2 is-layout-flex wp-block-gallery-is-layout-flex\">\n<figure class=\"wp-block-image size-large\"><img loading=\"lazy\" decoding=\"async\" width=\"664\" height=\"1024\" data-id=\"956\" src=\"https:\/\/humanosh.org\/wp-content\/uploads\/2026\/08\/Slawa-Wolosianska-in-Yad-Vashem-Zofia-Hendel-sitting-1984-1-664x1024.jpg\" alt=\"S\u0142awa z Zofi\u0105 Hendel w Yad Vashem, 1984\" class=\"wp-image-956\" style=\"aspect-ratio:1\" srcset=\"https:\/\/humanosh.org\/wp-content\/uploads\/2026\/08\/Slawa-Wolosianska-in-Yad-Vashem-Zofia-Hendel-sitting-1984-1-664x1024.jpg 664w, https:\/\/humanosh.org\/wp-content\/uploads\/2026\/08\/Slawa-Wolosianska-in-Yad-Vashem-Zofia-Hendel-sitting-1984-1-194x300.jpg 194w, https:\/\/humanosh.org\/wp-content\/uploads\/2026\/08\/Slawa-Wolosianska-in-Yad-Vashem-Zofia-Hendel-sitting-1984-1-768x1185.jpg 768w, https:\/\/humanosh.org\/wp-content\/uploads\/2026\/08\/Slawa-Wolosianska-in-Yad-Vashem-Zofia-Hendel-sitting-1984-1-995x1536.jpg 995w, https:\/\/humanosh.org\/wp-content\/uploads\/2026\/08\/Slawa-Wolosianska-in-Yad-Vashem-Zofia-Hendel-sitting-1984-1-8x12.jpg 8w, https:\/\/humanosh.org\/wp-content\/uploads\/2026\/08\/Slawa-Wolosianska-in-Yad-Vashem-Zofia-Hendel-sitting-1984-1.jpg 1000w\" sizes=\"auto, (max-width: 664px) 100vw, 664px\" \/><figcaption class=\"wp-element-caption\">S\u0142awa z Zofi\u0105 Hendel w Yad Vashem, 1984<\/figcaption><\/figure>\n\n\n\n<figure class=\"wp-block-image size-large\"><img loading=\"lazy\" decoding=\"async\" width=\"1024\" height=\"667\" data-id=\"947\" src=\"https:\/\/humanosh.org\/wp-content\/uploads\/2026\/08\/Zofia-Hendel-Slawa-Lusiek-Arad-and-Yad-Vashem-employee-1984-1024x667.jpg\" alt=\"Zofia Hendel ze S\u0142aw\u0105 w Yad Vashem, 1984\" class=\"wp-image-947\" style=\"aspect-ratio:1\" srcset=\"https:\/\/humanosh.org\/wp-content\/uploads\/2026\/08\/Zofia-Hendel-Slawa-Lusiek-Arad-and-Yad-Vashem-employee-1984-1024x667.jpg 1024w, https:\/\/humanosh.org\/wp-content\/uploads\/2026\/08\/Zofia-Hendel-Slawa-Lusiek-Arad-and-Yad-Vashem-employee-1984-300x195.jpg 300w, https:\/\/humanosh.org\/wp-content\/uploads\/2026\/08\/Zofia-Hendel-Slawa-Lusiek-Arad-and-Yad-Vashem-employee-1984-768x500.jpg 768w, https:\/\/humanosh.org\/wp-content\/uploads\/2026\/08\/Zofia-Hendel-Slawa-Lusiek-Arad-and-Yad-Vashem-employee-1984-18x12.jpg 18w, https:\/\/humanosh.org\/wp-content\/uploads\/2026\/08\/Zofia-Hendel-Slawa-Lusiek-Arad-and-Yad-Vashem-employee-1984.jpg 1250w\" sizes=\"auto, (max-width: 1024px) 100vw, 1024px\" \/><figcaption class=\"wp-element-caption\">Zofia Hendel ze S\u0142aw\u0105 w Yad Vashem, 1984<\/figcaption><\/figure>\n\n\n\n<figure class=\"wp-block-image size-large\"><img loading=\"lazy\" decoding=\"async\" width=\"1000\" height=\"668\" data-id=\"949\" src=\"https:\/\/humanosh.org\/wp-content\/uploads\/2026\/08\/Anna-Pilko-Shlomo-and-Michal-Wygodny-Hadassas-son-and-husband.jpg\" alt=\"Anna Pi\u0142ko, Shlomo i Micha\u0142 Wygodny (syn i m\u0105\u017c Hadassy)\" class=\"wp-image-949\" style=\"aspect-ratio:1\" srcset=\"https:\/\/humanosh.org\/wp-content\/uploads\/2026\/08\/Anna-Pilko-Shlomo-and-Michal-Wygodny-Hadassas-son-and-husband.jpg 1000w, https:\/\/humanosh.org\/wp-content\/uploads\/2026\/08\/Anna-Pilko-Shlomo-and-Michal-Wygodny-Hadassas-son-and-husband-300x200.jpg 300w, https:\/\/humanosh.org\/wp-content\/uploads\/2026\/08\/Anna-Pilko-Shlomo-and-Michal-Wygodny-Hadassas-son-and-husband-768x513.jpg 768w, https:\/\/humanosh.org\/wp-content\/uploads\/2026\/08\/Anna-Pilko-Shlomo-and-Michal-Wygodny-Hadassas-son-and-husband-18x12.jpg 18w\" sizes=\"auto, (max-width: 1000px) 100vw, 1000px\" \/><figcaption class=\"wp-element-caption\">Anna Pi\u0142ko, Shlomo i Micha\u0142 Wygodny (syn i m\u0105\u017c Hadassy)<\/figcaption><\/figure>\n\n\n\n<figure class=\"wp-block-image size-large\"><img loading=\"lazy\" decoding=\"async\" width=\"1000\" height=\"698\" data-id=\"1063\" src=\"https:\/\/humanosh.org\/wp-content\/uploads\/2026\/08\/YADVAS1.jpg\" alt=\"Yad Vashem, nadanie wyr\u00f3\u017cnie\u0144, od lewej: pracownica Yad Vashem, Tova Sztok, Stella Arad, S\u0142awa, Hadassa, Zofia Hendel i Arie Nativ, 1984\" class=\"wp-image-1063\" style=\"aspect-ratio:1\" srcset=\"https:\/\/humanosh.org\/wp-content\/uploads\/2026\/08\/YADVAS1.jpg 1000w, https:\/\/humanosh.org\/wp-content\/uploads\/2026\/08\/YADVAS1-300x209.jpg 300w, https:\/\/humanosh.org\/wp-content\/uploads\/2026\/08\/YADVAS1-768x536.jpg 768w, https:\/\/humanosh.org\/wp-content\/uploads\/2026\/08\/YADVAS1-18x12.jpg 18w\" sizes=\"auto, (max-width: 1000px) 100vw, 1000px\" \/><figcaption class=\"wp-element-caption\">Yad Vashem, nadanie wyr\u00f3\u017cnie\u0144, od lewej: pracownica Yad Vashem, Tova Sztok, Stella Arad, S\u0142awa, Hadassa, Zofia Hendel i Arie Nativ, 1984<\/figcaption><\/figure>\n<\/figure>\n\n\n\n<div style=\"height:var(--wp--preset--spacing--medium)\" aria-hidden=\"true\" class=\"wp-block-spacer\"><\/div>\n\n\n\n<h2 class=\"wp-block-heading\">Wywiady<\/h2>\n\n\n\n<figure class=\"wp-block-embed is-type-video is-provider-youtube wp-block-embed-youtube wp-embed-aspect-4-3 wp-has-aspect-ratio\"><div class=\"wp-block-embed__wrapper\">\n<iframe loading=\"lazy\" title=\"Hadassah Wygodny testimony, part 1\" width=\"500\" height=\"375\" src=\"https:\/\/www.youtube.com\/embed\/WTVbe2zD7vc?feature=oembed\" frameborder=\"0\" allow=\"accelerometer; autoplay; clipboard-write; encrypted-media; gyroscope; picture-in-picture; web-share\" referrerpolicy=\"strict-origin-when-cross-origin\" allowfullscreen><\/iframe>\n<\/div><\/figure>\n\n\n\n<figure class=\"wp-block-embed is-type-video is-provider-youtube wp-block-embed-youtube wp-embed-aspect-4-3 wp-has-aspect-ratio\"><div class=\"wp-block-embed__wrapper\">\n<iframe loading=\"lazy\" title=\"Hadassah Wygodny testimony, part 2\" width=\"500\" height=\"375\" src=\"https:\/\/www.youtube.com\/embed\/2TlpXG-2qFU?feature=oembed\" frameborder=\"0\" allow=\"accelerometer; autoplay; clipboard-write; encrypted-media; gyroscope; picture-in-picture; web-share\" referrerpolicy=\"strict-origin-when-cross-origin\" allowfullscreen><\/iframe>\n<\/div><\/figure>\n\n\n\n<figure class=\"wp-block-embed is-type-video is-provider-youtube wp-block-embed-youtube wp-embed-aspect-16-9 wp-has-aspect-ratio\"><div class=\"wp-block-embed__wrapper\">\n<iframe loading=\"lazy\" title=\"Interview - Hadassa, Mira and Shlomo\" width=\"500\" height=\"281\" src=\"https:\/\/www.youtube.com\/embed\/q5mld6_mh6k?feature=oembed\" frameborder=\"0\" allow=\"accelerometer; autoplay; clipboard-write; encrypted-media; gyroscope; picture-in-picture; web-share\" referrerpolicy=\"strict-origin-when-cross-origin\" allowfullscreen><\/iframe>\n<\/div><\/figure>","protected":false},"excerpt":{"rendered":"<p>Bezalel (Calek) Artur Hendel urodzi\u0142 si\u0119 14 sierpnia 1887 r. w Lipnie w zaborze rosyjskim \u2013 obecnie jest to Polska. W niezamo\u017cnej, pobo\u017cnej rodzinie \u017cydowskiej. Jako m\u0142ody cz\u0142owiek uczy\u0142 si\u0119, aby zosta\u0107 kantorem, czyli prowadz\u0105cym modlitw\u0119 i koszernym rze\u017anikiem. W tym celu odwiedzi\u0142 swojego starszego brata, kt\u00f3ry by\u0142 ju\u017c rze\u017anikiem w Zagrzebiu. Na pocz\u0105tku lat [&hellip;]<\/p>\n","protected":false},"author":2,"featured_media":0,"parent":0,"menu_order":0,"comment_status":"closed","ping_status":"closed","template":"","meta":{"footnotes":""},"class_list":["post-1086","page","type-page","status-publish","hentry"],"_links":{"self":[{"href":"https:\/\/humanosh.org\/en\/wp-json\/wp\/v2\/pages\/1086","targetHints":{"allow":["GET"]}}],"collection":[{"href":"https:\/\/humanosh.org\/en\/wp-json\/wp\/v2\/pages"}],"about":[{"href":"https:\/\/humanosh.org\/en\/wp-json\/wp\/v2\/types\/page"}],"author":[{"embeddable":true,"href":"https:\/\/humanosh.org\/en\/wp-json\/wp\/v2\/users\/2"}],"replies":[{"embeddable":true,"href":"https:\/\/humanosh.org\/en\/wp-json\/wp\/v2\/comments?post=1086"}],"version-history":[{"count":1,"href":"https:\/\/humanosh.org\/en\/wp-json\/wp\/v2\/pages\/1086\/revisions"}],"predecessor-version":[{"id":1087,"href":"https:\/\/humanosh.org\/en\/wp-json\/wp\/v2\/pages\/1086\/revisions\/1087"}],"wp:attachment":[{"href":"https:\/\/humanosh.org\/en\/wp-json\/wp\/v2\/media?parent=1086"}],"curies":[{"name":"wp","href":"https:\/\/api.w.org\/{rel}","templated":true}]}}