{"id":1090,"date":"2026-08-31T22:07:04","date_gmt":"2026-08-31T20:07:04","guid":{"rendered":"https:\/\/humanosh.org\/?page_id=1090"},"modified":"2026-08-31T22:07:04","modified_gmt":"2026-08-31T20:07:04","slug":"historia-rodziny-strasser","status":"publish","type":"page","link":"https:\/\/humanosh.org\/en\/historia-rodziny-strasser\/","title":{"rendered":"Historia rodziny Strasser"},"content":{"rendered":"<p class=\"wp-block-paragraph\">Motio Egert, brat Feli Strasser, ukrywa\u0142 si\u0119 pocz\u0105tkowo w s\u0105siedniej piwnicy i to on wykopa\u0142 po\u0142\u0105czenie \u0142\u0105cz\u0105ce obie kryj\u00f3wki, dzi\u0119ki czemu obie grupy odkry\u0142y nawzajem swoje istnienie. Po wyzwoleniu Drohobycza zaci\u0105gn\u0105\u0142 si\u0119 do Armii Czerwonej, gdzie zgin\u0105\u0142. Jego siostra Fela ukrywa\u0142a si\u0119 razem z synem Loniem, kt\u00f3ry mia\u0142 wtedy oko\u0142o sze\u015bciu lat. Po wojnie Lonio przeprowadzi\u0142 si\u0119 do Izraela, przyj\u0105\u0142 imi\u0119 Arieh Nativ i razem z \u017con\u0105 Zafr\u0105 doczeka\u0142 si\u0119 czworga dzieci.<\/p>\n\n\n\n<figure class=\"wp-block-gallery has-nested-images columns-default is-cropped wp-block-gallery-1 is-layout-flex wp-block-gallery-is-layout-flex\">\n<figure class=\"wp-block-image size-large\"><img loading=\"lazy\" decoding=\"async\" width=\"461\" height=\"640\" data-id=\"982\" src=\"https:\/\/humanosh.org\/wp-content\/uploads\/2026\/08\/Aryeh-with-Fela-Strasser-and-reverce-1.jpeg\" alt=\"Arie wraz z Fel\u0105 Strasser\" class=\"wp-image-982\" style=\"aspect-ratio:1\" srcset=\"https:\/\/humanosh.org\/wp-content\/uploads\/2026\/08\/Aryeh-with-Fela-Strasser-and-reverce-1.jpeg 461w, https:\/\/humanosh.org\/wp-content\/uploads\/2026\/08\/Aryeh-with-Fela-Strasser-and-reverce-1-216x300.jpeg 216w, https:\/\/humanosh.org\/wp-content\/uploads\/2026\/08\/Aryeh-with-Fela-Strasser-and-reverce-1-9x12.jpeg 9w\" sizes=\"auto, (max-width: 461px) 100vw, 461px\" \/><figcaption class=\"wp-element-caption\">Arie wraz z Fel\u0105 Strasser<\/figcaption><\/figure>\n\n\n\n<figure class=\"wp-block-image size-large\"><img loading=\"lazy\" decoding=\"async\" width=\"436\" height=\"640\" data-id=\"983\" src=\"https:\/\/humanosh.org\/wp-content\/uploads\/2026\/08\/Aryeh-with-Fela-Strasser-and-reverce-2.jpeg\" alt=\"Arie wraz z Fel\u0105 Strasser, rewers\" class=\"wp-image-983\" style=\"aspect-ratio:1\" srcset=\"https:\/\/humanosh.org\/wp-content\/uploads\/2026\/08\/Aryeh-with-Fela-Strasser-and-reverce-2.jpeg 436w, https:\/\/humanosh.org\/wp-content\/uploads\/2026\/08\/Aryeh-with-Fela-Strasser-and-reverce-2-204x300.jpeg 204w, https:\/\/humanosh.org\/wp-content\/uploads\/2026\/08\/Aryeh-with-Fela-Strasser-and-reverce-2-8x12.jpeg 8w\" sizes=\"auto, (max-width: 436px) 100vw, 436px\" \/><figcaption class=\"wp-element-caption\">Arie wraz z Fel\u0105 Strasser, rewers<\/figcaption><\/figure>\n\n\n\n<figure class=\"wp-block-image size-large\"><img loading=\"lazy\" decoding=\"async\" width=\"422\" height=\"640\" data-id=\"987\" src=\"https:\/\/humanosh.org\/wp-content\/uploads\/2026\/08\/Fela-Strasser-2.jpeg\" alt=\"Fela Strasser\" class=\"wp-image-987\" style=\"aspect-ratio:1\" srcset=\"https:\/\/humanosh.org\/wp-content\/uploads\/2026\/08\/Fela-Strasser-2.jpeg 422w, https:\/\/humanosh.org\/wp-content\/uploads\/2026\/08\/Fela-Strasser-2-198x300.jpeg 198w, https:\/\/humanosh.org\/wp-content\/uploads\/2026\/08\/Fela-Strasser-2-8x12.jpeg 8w\" sizes=\"auto, (max-width: 422px) 100vw, 422px\" \/><figcaption class=\"wp-element-caption\">Fela Strasser<\/figcaption><\/figure>\n\n\n\n<figure class=\"wp-block-image size-large\"><img loading=\"lazy\" decoding=\"async\" width=\"476\" height=\"640\" data-id=\"986\" src=\"https:\/\/humanosh.org\/wp-content\/uploads\/2026\/08\/Fela-Strasser-1.jpeg\" alt=\"Fela Strasser\" class=\"wp-image-986\" style=\"aspect-ratio:1\" srcset=\"https:\/\/humanosh.org\/wp-content\/uploads\/2026\/08\/Fela-Strasser-1.jpeg 476w, https:\/\/humanosh.org\/wp-content\/uploads\/2026\/08\/Fela-Strasser-1-223x300.jpeg 223w, https:\/\/humanosh.org\/wp-content\/uploads\/2026\/08\/Fela-Strasser-1-9x12.jpeg 9w\" sizes=\"auto, (max-width: 476px) 100vw, 476px\" \/><figcaption class=\"wp-element-caption\">Fela Strasser<\/figcaption><\/figure>\n\n\n\n<figure class=\"wp-block-image size-large\"><img loading=\"lazy\" decoding=\"async\" width=\"461\" height=\"640\" data-id=\"980\" src=\"https:\/\/humanosh.org\/wp-content\/uploads\/2026\/08\/Aryeh-when-he-was-four.jpeg\" alt=\"Arie w wieku czterech lat\" class=\"wp-image-980\" style=\"aspect-ratio:1\" srcset=\"https:\/\/humanosh.org\/wp-content\/uploads\/2026\/08\/Aryeh-when-he-was-four.jpeg 461w, https:\/\/humanosh.org\/wp-content\/uploads\/2026\/08\/Aryeh-when-he-was-four-216x300.jpeg 216w, https:\/\/humanosh.org\/wp-content\/uploads\/2026\/08\/Aryeh-when-he-was-four-9x12.jpeg 9w\" sizes=\"auto, (max-width: 461px) 100vw, 461px\" \/><figcaption class=\"wp-element-caption\">Arie w wieku czterech lat<\/figcaption><\/figure>\n\n\n\n<figure class=\"wp-block-image size-large\"><img loading=\"lazy\" decoding=\"async\" width=\"898\" height=\"640\" data-id=\"978\" src=\"https:\/\/humanosh.org\/wp-content\/uploads\/2026\/08\/Aryeh-is-the-boy-on-the-left.-Photo-probably-taken-while-he-was-in-a-German-school.jpeg\" alt=\"Arie (ch\u0142opiec po lewej), zdj\u0119cie powsta\u0142o prawdopodobnie podczas edukacji w niemieckiej szkole.\" class=\"wp-image-978\" style=\"aspect-ratio:1\" srcset=\"https:\/\/humanosh.org\/wp-content\/uploads\/2026\/08\/Aryeh-is-the-boy-on-the-left.-Photo-probably-taken-while-he-was-in-a-German-school.jpeg 898w, https:\/\/humanosh.org\/wp-content\/uploads\/2026\/08\/Aryeh-is-the-boy-on-the-left.-Photo-probably-taken-while-he-was-in-a-German-school-300x214.jpeg 300w, https:\/\/humanosh.org\/wp-content\/uploads\/2026\/08\/Aryeh-is-the-boy-on-the-left.-Photo-probably-taken-while-he-was-in-a-German-school-768x547.jpeg 768w, https:\/\/humanosh.org\/wp-content\/uploads\/2026\/08\/Aryeh-is-the-boy-on-the-left.-Photo-probably-taken-while-he-was-in-a-German-school-18x12.jpeg 18w\" sizes=\"auto, (max-width: 898px) 100vw, 898px\" \/><figcaption class=\"wp-element-caption\">Arie (ch\u0142opiec po lewej), zdj\u0119cie powsta\u0142o prawdopodobnie podczas edukacji w niemieckiej szkole.<\/figcaption><\/figure>\n\n\n\n<figure class=\"wp-block-image size-large\"><img loading=\"lazy\" decoding=\"async\" width=\"1000\" height=\"667\" data-id=\"989\" src=\"https:\/\/humanosh.org\/wp-content\/uploads\/2026\/08\/Mordehai-and-Fela-Strasser-aE-Aryehs-parents.jpg\" alt=\"Mordechaj i Fela Strasser, rodzice Ariego\" class=\"wp-image-989\" style=\"aspect-ratio:1\" srcset=\"https:\/\/humanosh.org\/wp-content\/uploads\/2026\/08\/Mordehai-and-Fela-Strasser-aE-Aryehs-parents.jpg 1000w, https:\/\/humanosh.org\/wp-content\/uploads\/2026\/08\/Mordehai-and-Fela-Strasser-aE-Aryehs-parents-300x200.jpg 300w, https:\/\/humanosh.org\/wp-content\/uploads\/2026\/08\/Mordehai-and-Fela-Strasser-aE-Aryehs-parents-768x512.jpg 768w, https:\/\/humanosh.org\/wp-content\/uploads\/2026\/08\/Mordehai-and-Fela-Strasser-aE-Aryehs-parents-18x12.jpg 18w\" sizes=\"auto, (max-width: 1000px) 100vw, 1000px\" \/><figcaption class=\"wp-element-caption\">Mordechaj i Fela Strasser, rodzice Ariego<\/figcaption><\/figure>\n\n\n\n<figure class=\"wp-block-image size-large\"><img loading=\"lazy\" decoding=\"async\" width=\"427\" height=\"640\" data-id=\"977\" src=\"https:\/\/humanosh.org\/wp-content\/uploads\/2026\/08\/Aryeh-and-Zafras-wedding-picture-.jpeg\" alt=\"Zdj\u0119cie \u015blubne Ariego i Zafry\" class=\"wp-image-977\" style=\"aspect-ratio:1\" srcset=\"https:\/\/humanosh.org\/wp-content\/uploads\/2026\/08\/Aryeh-and-Zafras-wedding-picture-.jpeg 427w, https:\/\/humanosh.org\/wp-content\/uploads\/2026\/08\/Aryeh-and-Zafras-wedding-picture--200x300.jpeg 200w, https:\/\/humanosh.org\/wp-content\/uploads\/2026\/08\/Aryeh-and-Zafras-wedding-picture--8x12.jpeg 8w\" sizes=\"auto, (max-width: 427px) 100vw, 427px\" \/><figcaption class=\"wp-element-caption\">Zdj\u0119cie \u015blubne Ariego i Zafry<\/figcaption><\/figure>\n\n\n\n<figure class=\"wp-block-image size-large\"><img loading=\"lazy\" decoding=\"async\" width=\"960\" height=\"640\" data-id=\"974\" src=\"https:\/\/humanosh.org\/wp-content\/uploads\/2026\/08\/Zafras-parents.jpeg\" alt=\"Rodzice Zafry\" class=\"wp-image-974\" style=\"aspect-ratio:1\" srcset=\"https:\/\/humanosh.org\/wp-content\/uploads\/2026\/08\/Zafras-parents.jpeg 960w, https:\/\/humanosh.org\/wp-content\/uploads\/2026\/08\/Zafras-parents-300x200.jpeg 300w, https:\/\/humanosh.org\/wp-content\/uploads\/2026\/08\/Zafras-parents-768x512.jpeg 768w, https:\/\/humanosh.org\/wp-content\/uploads\/2026\/08\/Zafras-parents-18x12.jpeg 18w\" sizes=\"auto, (max-width: 960px) 100vw, 960px\" \/><figcaption class=\"wp-element-caption\">Rodzice Zafry<\/figcaption><\/figure>\n\n\n\n<figure class=\"wp-block-image size-large\"><img loading=\"lazy\" decoding=\"async\" width=\"960\" height=\"640\" data-id=\"981\" src=\"https:\/\/humanosh.org\/wp-content\/uploads\/2026\/08\/Aryeh-with-family.jpeg\" alt=\"Arie z rodzin\u0105\" class=\"wp-image-981\" style=\"aspect-ratio:1\" srcset=\"https:\/\/humanosh.org\/wp-content\/uploads\/2026\/08\/Aryeh-with-family.jpeg 960w, https:\/\/humanosh.org\/wp-content\/uploads\/2026\/08\/Aryeh-with-family-300x200.jpeg 300w, https:\/\/humanosh.org\/wp-content\/uploads\/2026\/08\/Aryeh-with-family-768x512.jpeg 768w, https:\/\/humanosh.org\/wp-content\/uploads\/2026\/08\/Aryeh-with-family-18x12.jpeg 18w\" sizes=\"auto, (max-width: 960px) 100vw, 960px\" \/><figcaption class=\"wp-element-caption\">Arie z rodzin\u0105<\/figcaption><\/figure>\n\n\n\n<figure class=\"wp-block-image size-large\"><img loading=\"lazy\" decoding=\"async\" width=\"1000\" height=\"668\" data-id=\"976\" src=\"https:\/\/humanosh.org\/wp-content\/uploads\/2026\/08\/Arie-Nurit-and-Zafra-Nativ-in-front-of-the-house-on-Szaszkiewicza-street-Drohobych.jpg\" alt=\"Arie i Zafra z c\u00f3rk\u0105 przed domem na Szaszkiewicza\" class=\"wp-image-976\" style=\"aspect-ratio:1\" srcset=\"https:\/\/humanosh.org\/wp-content\/uploads\/2026\/08\/Arie-Nurit-and-Zafra-Nativ-in-front-of-the-house-on-Szaszkiewicza-street-Drohobych.jpg 1000w, https:\/\/humanosh.org\/wp-content\/uploads\/2026\/08\/Arie-Nurit-and-Zafra-Nativ-in-front-of-the-house-on-Szaszkiewicza-street-Drohobych-300x200.jpg 300w, https:\/\/humanosh.org\/wp-content\/uploads\/2026\/08\/Arie-Nurit-and-Zafra-Nativ-in-front-of-the-house-on-Szaszkiewicza-street-Drohobych-768x513.jpg 768w, https:\/\/humanosh.org\/wp-content\/uploads\/2026\/08\/Arie-Nurit-and-Zafra-Nativ-in-front-of-the-house-on-Szaszkiewicza-street-Drohobych-18x12.jpg 18w\" sizes=\"auto, (max-width: 1000px) 100vw, 1000px\" \/><figcaption class=\"wp-element-caption\">Arie i Zafra z c\u00f3rk\u0105 przed domem na Szaszkiewicza<\/figcaption><\/figure>\n\n\n\n<figure class=\"wp-block-image size-large\"><img loading=\"lazy\" decoding=\"async\" width=\"971\" height=\"640\" data-id=\"1001\" src=\"https:\/\/humanosh.org\/wp-content\/uploads\/2026\/08\/Zafra-and-Aryeh-with-their-grandchildren-2.jpeg\" alt=\"Zafra i Arie z wnukami\" class=\"wp-image-1001\" style=\"aspect-ratio:1\" srcset=\"https:\/\/humanosh.org\/wp-content\/uploads\/2026\/08\/Zafra-and-Aryeh-with-their-grandchildren-2.jpeg 971w, https:\/\/humanosh.org\/wp-content\/uploads\/2026\/08\/Zafra-and-Aryeh-with-their-grandchildren-2-300x198.jpeg 300w, https:\/\/humanosh.org\/wp-content\/uploads\/2026\/08\/Zafra-and-Aryeh-with-their-grandchildren-2-768x506.jpeg 768w, https:\/\/humanosh.org\/wp-content\/uploads\/2026\/08\/Zafra-and-Aryeh-with-their-grandchildren-2-18x12.jpeg 18w\" sizes=\"auto, (max-width: 971px) 100vw, 971px\" \/><figcaption class=\"wp-element-caption\">Zafra i Arie z wnukami<\/figcaption><\/figure>\n\n\n\n<figure class=\"wp-block-image size-large\"><img loading=\"lazy\" decoding=\"async\" width=\"963\" height=\"640\" data-id=\"1000\" src=\"https:\/\/humanosh.org\/wp-content\/uploads\/2026\/08\/Zafra-and-Aryeh-with-their-grandchildren.jpeg\" alt=\"Zafra i Arie z wnukami\" class=\"wp-image-1000\" style=\"aspect-ratio:1\" srcset=\"https:\/\/humanosh.org\/wp-content\/uploads\/2026\/08\/Zafra-and-Aryeh-with-their-grandchildren.jpeg 963w, https:\/\/humanosh.org\/wp-content\/uploads\/2026\/08\/Zafra-and-Aryeh-with-their-grandchildren-300x199.jpeg 300w, https:\/\/humanosh.org\/wp-content\/uploads\/2026\/08\/Zafra-and-Aryeh-with-their-grandchildren-768x510.jpeg 768w, https:\/\/humanosh.org\/wp-content\/uploads\/2026\/08\/Zafra-and-Aryeh-with-their-grandchildren-18x12.jpeg 18w\" sizes=\"auto, (max-width: 963px) 100vw, 963px\" \/><figcaption class=\"wp-element-caption\">Zafra i Arie z wnukami<\/figcaption><\/figure>\n\n\n\n<figure class=\"wp-block-image size-large\"><img loading=\"lazy\" decoding=\"async\" width=\"1000\" height=\"656\" data-id=\"996\" src=\"https:\/\/humanosh.org\/wp-content\/uploads\/2026\/08\/Slawa-with-Nurit-Aryehs-eldest-daughter-and-Aryehs-grandchildren.jpg\" alt=\"S\u0142awa i Arie z rodzin\u0105\" class=\"wp-image-996\" style=\"aspect-ratio:1\" srcset=\"https:\/\/humanosh.org\/wp-content\/uploads\/2026\/08\/Slawa-with-Nurit-Aryehs-eldest-daughter-and-Aryehs-grandchildren.jpg 1000w, https:\/\/humanosh.org\/wp-content\/uploads\/2026\/08\/Slawa-with-Nurit-Aryehs-eldest-daughter-and-Aryehs-grandchildren-300x197.jpg 300w, https:\/\/humanosh.org\/wp-content\/uploads\/2026\/08\/Slawa-with-Nurit-Aryehs-eldest-daughter-and-Aryehs-grandchildren-768x504.jpg 768w, https:\/\/humanosh.org\/wp-content\/uploads\/2026\/08\/Slawa-with-Nurit-Aryehs-eldest-daughter-and-Aryehs-grandchildren-18x12.jpg 18w\" sizes=\"auto, (max-width: 1000px) 100vw, 1000px\" \/><figcaption class=\"wp-element-caption\">S\u0142awa i Arie z rodzin\u0105<\/figcaption><\/figure>\n\n\n\n<figure class=\"wp-block-image size-large\"><img loading=\"lazy\" decoding=\"async\" width=\"438\" height=\"640\" data-id=\"995\" src=\"https:\/\/humanosh.org\/wp-content\/uploads\/2026\/08\/Slawa-with-Aryeh-Nativ-and-his-family.jpeg\" alt=\"S\u0142awa i Arie z rodzin\u0105\" class=\"wp-image-995\" style=\"aspect-ratio:1\" srcset=\"https:\/\/humanosh.org\/wp-content\/uploads\/2026\/08\/Slawa-with-Aryeh-Nativ-and-his-family.jpeg 438w, https:\/\/humanosh.org\/wp-content\/uploads\/2026\/08\/Slawa-with-Aryeh-Nativ-and-his-family-205x300.jpeg 205w, https:\/\/humanosh.org\/wp-content\/uploads\/2026\/08\/Slawa-with-Aryeh-Nativ-and-his-family-8x12.jpeg 8w\" sizes=\"auto, (max-width: 438px) 100vw, 438px\" \/><figcaption class=\"wp-element-caption\">S\u0142awa i Arie z rodzin\u0105<\/figcaption><\/figure>\n\n\n\n<figure class=\"wp-block-image size-large\"><img loading=\"lazy\" decoding=\"async\" width=\"695\" height=\"1024\" data-id=\"993\" src=\"https:\/\/humanosh.org\/wp-content\/uploads\/2026\/08\/Slawa-i-Arie-Izrael-695x1024.jpg\" alt=\"S\u0142awa i Arie w Izraelu\" class=\"wp-image-993\" style=\"aspect-ratio:1\" srcset=\"https:\/\/humanosh.org\/wp-content\/uploads\/2026\/08\/Slawa-i-Arie-Izrael-695x1024.jpg 695w, https:\/\/humanosh.org\/wp-content\/uploads\/2026\/08\/Slawa-i-Arie-Izrael-204x300.jpg 204w, https:\/\/humanosh.org\/wp-content\/uploads\/2026\/08\/Slawa-i-Arie-Izrael-768x1131.jpg 768w, https:\/\/humanosh.org\/wp-content\/uploads\/2026\/08\/Slawa-i-Arie-Izrael-1043x1536.jpg 1043w, https:\/\/humanosh.org\/wp-content\/uploads\/2026\/08\/Slawa-i-Arie-Izrael-1390x2048.jpg 1390w, https:\/\/humanosh.org\/wp-content\/uploads\/2026\/08\/Slawa-i-Arie-Izrael-8x12.jpg 8w, https:\/\/humanosh.org\/wp-content\/uploads\/2026\/08\/Slawa-i-Arie-Izrael.jpg 1738w\" sizes=\"auto, (max-width: 695px) 100vw, 695px\" \/><figcaption class=\"wp-element-caption\">S\u0142awa i Arie w Izraelu<\/figcaption><\/figure>\n\n\n\n<figure class=\"wp-block-image size-large\"><img loading=\"lazy\" decoding=\"async\" width=\"1000\" height=\"680\" data-id=\"992\" src=\"https:\/\/humanosh.org\/wp-content\/uploads\/2026\/08\/Slawa-Hadassa-Zafra-and-Arie-Nativ-in-Israel.jpg\" alt=\"S\u0142awa, Hadassa Hendel i Arie w Izraelu\" class=\"wp-image-992\" style=\"aspect-ratio:1\" srcset=\"https:\/\/humanosh.org\/wp-content\/uploads\/2026\/08\/Slawa-Hadassa-Zafra-and-Arie-Nativ-in-Israel.jpg 1000w, https:\/\/humanosh.org\/wp-content\/uploads\/2026\/08\/Slawa-Hadassa-Zafra-and-Arie-Nativ-in-Israel-300x204.jpg 300w, https:\/\/humanosh.org\/wp-content\/uploads\/2026\/08\/Slawa-Hadassa-Zafra-and-Arie-Nativ-in-Israel-768x522.jpg 768w, https:\/\/humanosh.org\/wp-content\/uploads\/2026\/08\/Slawa-Hadassa-Zafra-and-Arie-Nativ-in-Israel-18x12.jpg 18w\" sizes=\"auto, (max-width: 1000px) 100vw, 1000px\" \/><figcaption class=\"wp-element-caption\">S\u0142awa, Hadassa Hendel i Arie w Izraelu<\/figcaption><\/figure>\n\n\n\n<figure class=\"wp-block-image size-large\"><img loading=\"lazy\" decoding=\"async\" width=\"1000\" height=\"667\" data-id=\"988\" src=\"https:\/\/humanosh.org\/wp-content\/uploads\/2026\/08\/Meeting-at-Yuval-Nativs-Aryehs-son.-On-the-photo-are-Aryeh-his-family-Piotr-and-Kasia-Skopiec.jpg\" alt=\"Spotkanie u syna Ariego. Na zdj\u0119ciu Arie, Kasia i Piotr Skopiec\" class=\"wp-image-988\" style=\"aspect-ratio:1\" srcset=\"https:\/\/humanosh.org\/wp-content\/uploads\/2026\/08\/Meeting-at-Yuval-Nativs-Aryehs-son.-On-the-photo-are-Aryeh-his-family-Piotr-and-Kasia-Skopiec.jpg 1000w, https:\/\/humanosh.org\/wp-content\/uploads\/2026\/08\/Meeting-at-Yuval-Nativs-Aryehs-son.-On-the-photo-are-Aryeh-his-family-Piotr-and-Kasia-Skopiec-300x200.jpg 300w, https:\/\/humanosh.org\/wp-content\/uploads\/2026\/08\/Meeting-at-Yuval-Nativs-Aryehs-son.-On-the-photo-are-Aryeh-his-family-Piotr-and-Kasia-Skopiec-768x512.jpg 768w, https:\/\/humanosh.org\/wp-content\/uploads\/2026\/08\/Meeting-at-Yuval-Nativs-Aryehs-son.-On-the-photo-are-Aryeh-his-family-Piotr-and-Kasia-Skopiec-18x12.jpg 18w\" sizes=\"auto, (max-width: 1000px) 100vw, 1000px\" \/><figcaption class=\"wp-element-caption\">Spotkanie u syna Ariego. Na zdj\u0119ciu Arie, Kasia i Piotr Skopiec<\/figcaption><\/figure>\n\n\n\n<figure class=\"wp-block-image size-large\"><img loading=\"lazy\" decoding=\"async\" width=\"1024\" height=\"744\" data-id=\"984\" src=\"https:\/\/humanosh.org\/wp-content\/uploads\/2026\/08\/Corki-Arie-ze-Slawa-1024x744.jpg\" alt=\"C\u00f3rki Ariego ze S\u0142aw\u0105\" class=\"wp-image-984\" style=\"aspect-ratio:1\" srcset=\"https:\/\/humanosh.org\/wp-content\/uploads\/2026\/08\/Corki-Arie-ze-Slawa-1024x744.jpg 1024w, https:\/\/humanosh.org\/wp-content\/uploads\/2026\/08\/Corki-Arie-ze-Slawa-300x218.jpg 300w, https:\/\/humanosh.org\/wp-content\/uploads\/2026\/08\/Corki-Arie-ze-Slawa-768x558.jpg 768w, https:\/\/humanosh.org\/wp-content\/uploads\/2026\/08\/Corki-Arie-ze-Slawa-1536x1115.jpg 1536w, https:\/\/humanosh.org\/wp-content\/uploads\/2026\/08\/Corki-Arie-ze-Slawa-2048x1487.jpg 2048w, https:\/\/humanosh.org\/wp-content\/uploads\/2026\/08\/Corki-Arie-ze-Slawa-18x12.jpg 18w\" sizes=\"auto, (max-width: 1024px) 100vw, 1024px\" \/><figcaption class=\"wp-element-caption\">C\u00f3rki Ariego ze S\u0142aw\u0105<\/figcaption><\/figure>\n\n\n\n<figure class=\"wp-block-image size-large\"><img loading=\"lazy\" decoding=\"async\" width=\"1000\" height=\"667\" data-id=\"979\" src=\"https:\/\/humanosh.org\/wp-content\/uploads\/2026\/08\/Aryeh-Nativ.jpg\" alt=\"Arie\" class=\"wp-image-979\" style=\"aspect-ratio:1\" srcset=\"https:\/\/humanosh.org\/wp-content\/uploads\/2026\/08\/Aryeh-Nativ.jpg 1000w, https:\/\/humanosh.org\/wp-content\/uploads\/2026\/08\/Aryeh-Nativ-300x200.jpg 300w, https:\/\/humanosh.org\/wp-content\/uploads\/2026\/08\/Aryeh-Nativ-768x512.jpg 768w, https:\/\/humanosh.org\/wp-content\/uploads\/2026\/08\/Aryeh-Nativ-18x12.jpg 18w\" sizes=\"auto, (max-width: 1000px) 100vw, 1000px\" \/><figcaption class=\"wp-element-caption\">Arie<\/figcaption><\/figure>\n\n\n\n<figure class=\"wp-block-image size-large\"><img loading=\"lazy\" decoding=\"async\" width=\"1024\" height=\"680\" data-id=\"975\" src=\"https:\/\/humanosh.org\/wp-content\/uploads\/2026\/08\/Ariego-wnuki-ze-Slawa-1024x680.jpg\" alt=\"Wnuki Ariego ze S\u0142aw\u0105\" class=\"wp-image-975\" style=\"aspect-ratio:1\" srcset=\"https:\/\/humanosh.org\/wp-content\/uploads\/2026\/08\/Ariego-wnuki-ze-Slawa-1024x680.jpg 1024w, https:\/\/humanosh.org\/wp-content\/uploads\/2026\/08\/Ariego-wnuki-ze-Slawa-300x199.jpg 300w, https:\/\/humanosh.org\/wp-content\/uploads\/2026\/08\/Ariego-wnuki-ze-Slawa-768x510.jpg 768w, https:\/\/humanosh.org\/wp-content\/uploads\/2026\/08\/Ariego-wnuki-ze-Slawa-1536x1019.jpg 1536w, https:\/\/humanosh.org\/wp-content\/uploads\/2026\/08\/Ariego-wnuki-ze-Slawa-2048x1359.jpg 2048w, https:\/\/humanosh.org\/wp-content\/uploads\/2026\/08\/Ariego-wnuki-ze-Slawa-18x12.jpg 18w\" sizes=\"auto, (max-width: 1024px) 100vw, 1024px\" \/><figcaption class=\"wp-element-caption\">Wnuki Ariego ze S\u0142aw\u0105<\/figcaption><\/figure>\n<\/figure>\n\n\n\n<div style=\"height:var(--wp--preset--spacing--medium)\" aria-hidden=\"true\" class=\"wp-block-spacer\"><\/div>\n\n\n\n<h2 class=\"wp-block-heading\">Wywiady<\/h2>\n\n\n\n<figure class=\"wp-block-embed is-type-video is-provider-youtube wp-block-embed-youtube wp-embed-aspect-16-9 wp-has-aspect-ratio\"><div class=\"wp-block-embed__wrapper\">\n<iframe loading=\"lazy\" title=\"Interview - Arie Nativ\" width=\"500\" height=\"281\" src=\"https:\/\/www.youtube.com\/embed\/cPE95UA5070?feature=oembed\" frameborder=\"0\" allow=\"accelerometer; autoplay; clipboard-write; encrypted-media; gyroscope; picture-in-picture; web-share\" referrerpolicy=\"strict-origin-when-cross-origin\" allowfullscreen><\/iframe>\n<\/div><\/figure>\n\n\n\n<div style=\"height:var(--wp--preset--spacing--medium)\" aria-hidden=\"true\" class=\"wp-block-spacer\"><\/div>\n\n\n\n<h4 class=\"wp-block-heading\">Teatr \u015awiadectwa<\/h4>\n\n\n\n<p class=\"wp-block-paragraph\">W 2020 roku Arie Native wzi\u0105\u0142 udzia\u0142 w projekcie zwanym Teatrem \u015awiadectwa,<br>kt\u00f3ry zajmuje si\u0119 historiami ocala\u0142ych oraz ich krewnych, kt\u00f3rzy opowiadaj\u0105 swoje historie uczniom szk\u00f3\u0142 w wieku od 13 do 15 lat, a organizatorzy tworz\u0105 na ich kanwie przedstawienie teatralne, kt\u00f3re nast\u0119pnie jest grane przez uczni\u00f3w.<br><\/p>\n\n\n\n<p class=\"wp-block-paragraph\">Gil Nativ zagra\u0142 rol\u0119 Arie w tym przedstawieniu.<\/p>\n\n\n\n<figure class=\"wp-block-embed is-type-video is-provider-youtube wp-block-embed-youtube wp-embed-aspect-16-9 wp-has-aspect-ratio\"><div class=\"wp-block-embed__wrapper\">\n<iframe loading=\"lazy\" title=\"\u05e7\u05e8\u05d9\u05ea \u05d8\u05d1\u05e2\u05d5\u05df 2020\" width=\"500\" height=\"281\" src=\"https:\/\/www.youtube.com\/embed\/dS1JxBe9i5k?feature=oembed\" frameborder=\"0\" allow=\"accelerometer; autoplay; clipboard-write; encrypted-media; gyroscope; picture-in-picture; web-share\" referrerpolicy=\"strict-origin-when-cross-origin\" allowfullscreen><\/iframe>\n<\/div><\/figure>","protected":false},"excerpt":{"rendered":"<p>Motio Egert, brat Feli Strasser, ukrywa\u0142 si\u0119 pocz\u0105tkowo w s\u0105siedniej piwnicy i to on wykopa\u0142 po\u0142\u0105czenie \u0142\u0105cz\u0105ce obie kryj\u00f3wki, dzi\u0119ki czemu obie grupy odkry\u0142y nawzajem swoje istnienie. Po wyzwoleniu Drohobycza zaci\u0105gn\u0105\u0142 si\u0119 do Armii Czerwonej, gdzie zgin\u0105\u0142. Jego siostra Fela ukrywa\u0142a si\u0119 razem z synem Loniem, kt\u00f3ry mia\u0142 wtedy oko\u0142o sze\u015bciu lat. Po wojnie Lonio [&hellip;]<\/p>\n","protected":false},"author":2,"featured_media":0,"parent":0,"menu_order":0,"comment_status":"closed","ping_status":"closed","template":"","meta":{"footnotes":""},"class_list":["post-1090","page","type-page","status-publish","hentry"],"_links":{"self":[{"href":"https:\/\/humanosh.org\/en\/wp-json\/wp\/v2\/pages\/1090","targetHints":{"allow":["GET"]}}],"collection":[{"href":"https:\/\/humanosh.org\/en\/wp-json\/wp\/v2\/pages"}],"about":[{"href":"https:\/\/humanosh.org\/en\/wp-json\/wp\/v2\/types\/page"}],"author":[{"embeddable":true,"href":"https:\/\/humanosh.org\/en\/wp-json\/wp\/v2\/users\/2"}],"replies":[{"embeddable":true,"href":"https:\/\/humanosh.org\/en\/wp-json\/wp\/v2\/comments?post=1090"}],"version-history":[{"count":1,"href":"https:\/\/humanosh.org\/en\/wp-json\/wp\/v2\/pages\/1090\/revisions"}],"predecessor-version":[{"id":1091,"href":"https:\/\/humanosh.org\/en\/wp-json\/wp\/v2\/pages\/1090\/revisions\/1091"}],"wp:attachment":[{"href":"https:\/\/humanosh.org\/en\/wp-json\/wp\/v2\/media?parent=1090"}],"curies":[{"name":"wp","href":"https:\/\/api.w.org\/{rel}","templated":true}]}}