{"id":1130,"date":"2026-09-02T01:21:03","date_gmt":"2026-09-01T23:21:03","guid":{"rendered":"https:\/\/humanosh.org\/?page_id=1130"},"modified":"2026-09-02T01:21:03","modified_gmt":"2026-09-01T23:21:03","slug":"historia-rodziny-mischel","status":"publish","type":"page","link":"https:\/\/humanosh.org\/en\/historia-rodziny-mischel\/","title":{"rendered":"Historia rodziny Mischel"},"content":{"rendered":"<p class=\"wp-block-paragraph\">Bracia, doktor Leon i doktor Samuel Mischel ukrywali si\u0119 razem ze swoimi rodzinami. \u017bona Leona, Berta, zmar\u0142a po wojnie w Buffalo w stanie Nowy Jork. Samuel nie doczeka\u0142 emigracji, zmar\u0142 w Drohobyczu w latach 1945 do 1946. Jego \u017cona Helena, z domu Gruber, przenios\u0142a si\u0119 po wojnie do Dayton Spring w stanie Maryland, a ich c\u00f3rka Janina wyjecha\u0142a do Stan\u00f3w Zjednoczonych i przyj\u0119\u0142a nazwisko Kanner.<\/p>\n\n\n\n<h2 class=\"wp-block-heading\">Wywiady<\/h2>\n\n\n\n<h4 class=\"wp-block-heading\">\u015awiadectwo Irene Feit (C\u00f3rki Leona i Berty)<\/h4>\n\n\n\n<figure class=\"wp-block-embed is-type-video is-provider-youtube wp-block-embed-youtube wp-embed-aspect-4-3 wp-has-aspect-ratio\"><div class=\"wp-block-embed__wrapper\">\n<iframe loading=\"lazy\" title=\"Irene Feit&#039;s testimony\" width=\"500\" height=\"375\" src=\"https:\/\/www.youtube.com\/embed\/YLhXTwIWyPw?list=PLpWuJkTLmQE_1BoZmmJDgZXN27gvO6vvR\" frameborder=\"0\" allow=\"accelerometer; autoplay; clipboard-write; encrypted-media; gyroscope; picture-in-picture; web-share\" referrerpolicy=\"strict-origin-when-cross-origin\" allowfullscreen><\/iframe>\n<\/div><\/figure>\n\n\n\n<h4 class=\"wp-block-heading\">Wywiad z Irene oraz jej m\u0119\u017cem<\/h4>\n\n\n\n<figure class=\"wp-block-embed is-type-video is-provider-youtube wp-block-embed-youtube wp-embed-aspect-16-9 wp-has-aspect-ratio\"><div class=\"wp-block-embed__wrapper\">\n<iframe loading=\"lazy\" title=\"Interview - Irene and Michael Feit\" width=\"500\" height=\"281\" src=\"https:\/\/www.youtube.com\/embed\/KxUFL7KJ7-w?list=PLpWuJkTLmQE9TMeL3v_egnYwoYLiiF91Q\" frameborder=\"0\" allow=\"accelerometer; autoplay; clipboard-write; encrypted-media; gyroscope; picture-in-picture; web-share\" referrerpolicy=\"strict-origin-when-cross-origin\" allowfullscreen><\/iframe>\n<\/div><\/figure>\n\n\n\n<h4 class=\"wp-block-heading\">Wywiad z Betsy Lasko (c\u00f3rk\u0105 Irene Feit\/Mischel) i jej m\u0119\u017cem<\/h4>\n\n\n\n<figure class=\"wp-block-embed is-type-video is-provider-youtube wp-block-embed-youtube wp-embed-aspect-16-9 wp-has-aspect-ratio\"><div class=\"wp-block-embed__wrapper\">\n<iframe loading=\"lazy\" title=\"Interview - Betsy Lasko and Phill Lasko\" width=\"500\" height=\"281\" src=\"https:\/\/www.youtube.com\/embed\/tdZhBFzRz8E?list=PLpWuJkTLmQE9TMeL3v_egnYwoYLiiF91Q\" frameborder=\"0\" allow=\"accelerometer; autoplay; clipboard-write; encrypted-media; gyroscope; picture-in-picture; web-share\" referrerpolicy=\"strict-origin-when-cross-origin\" allowfullscreen><\/iframe>\n<\/div><\/figure>\n\n\n\n<h4 class=\"wp-block-heading\">Wywiad z Susan Feit (c\u00f3rk\u0105 Irene Feit\/Mischel) i jej m\u0119\u017cem<br><\/h4>\n\n\n\n<figure class=\"wp-block-embed is-type-video is-provider-youtube wp-block-embed-youtube wp-embed-aspect-16-9 wp-has-aspect-ratio\"><div class=\"wp-block-embed__wrapper\">\n<iframe loading=\"lazy\" title=\"Interview Susan Feit and Eitan Stern\" width=\"500\" height=\"281\" src=\"https:\/\/www.youtube.com\/embed\/Kg17aBoL2sA?list=PLpWuJkTLmQE9TMeL3v_egnYwoYLiiF91Q\" frameborder=\"0\" allow=\"accelerometer; autoplay; clipboard-write; encrypted-media; gyroscope; picture-in-picture; web-share\" referrerpolicy=\"strict-origin-when-cross-origin\" allowfullscreen><\/iframe>\n<\/div><\/figure>\n\n\n\n<div style=\"height:var(--wp--preset--spacing--medium)\" aria-hidden=\"true\" class=\"wp-block-spacer\"><\/div>\n\n\n\n<h2 class=\"wp-block-heading\">Zdj\u0119cia<\/h2>\n\n\n\n<figure class=\"wp-block-gallery has-nested-images columns-default is-cropped wp-block-gallery-1 is-layout-flex wp-block-gallery-is-layout-flex\">\n<figure class=\"wp-block-image size-large\"><img loading=\"lazy\" decoding=\"async\" width=\"1024\" height=\"814\" data-id=\"1128\" src=\"https:\/\/humanosh.org\/wp-content\/uploads\/2026\/09\/MischelFamilyTree.jpeg\" alt=\"Drzewo genealogiczne rodziny Mischel\" class=\"wp-image-1128\" srcset=\"https:\/\/humanosh.org\/wp-content\/uploads\/2026\/09\/MischelFamilyTree.jpeg 1024w, https:\/\/humanosh.org\/wp-content\/uploads\/2026\/09\/MischelFamilyTree-300x238.jpeg 300w, https:\/\/humanosh.org\/wp-content\/uploads\/2026\/09\/MischelFamilyTree-768x611.jpeg 768w, https:\/\/humanosh.org\/wp-content\/uploads\/2026\/09\/MischelFamilyTree-15x12.jpeg 15w\" sizes=\"auto, (max-width: 1024px) 100vw, 1024px\" \/><figcaption class=\"wp-element-caption\">Drzewo genealogiczne rodziny Mischel<\/figcaption><\/figure>\n\n\n\n<figure class=\"wp-block-image size-large\"><img loading=\"lazy\" decoding=\"async\" width=\"1024\" height=\"1021\" data-id=\"1126\" src=\"https:\/\/humanosh.org\/wp-content\/uploads\/2026\/09\/halina-milgrom-i-slawa-1024x1021.jpg\" alt=\"Halina Milgrom i S\u0142awa\" class=\"wp-image-1126\" srcset=\"https:\/\/humanosh.org\/wp-content\/uploads\/2026\/09\/halina-milgrom-i-slawa-1024x1021.jpg 1024w, https:\/\/humanosh.org\/wp-content\/uploads\/2026\/09\/halina-milgrom-i-slawa-300x300.jpg 300w, https:\/\/humanosh.org\/wp-content\/uploads\/2026\/09\/halina-milgrom-i-slawa-150x150.jpg 150w, https:\/\/humanosh.org\/wp-content\/uploads\/2026\/09\/halina-milgrom-i-slawa-768x766.jpg 768w, https:\/\/humanosh.org\/wp-content\/uploads\/2026\/09\/halina-milgrom-i-slawa-1536x1531.jpg 1536w, https:\/\/humanosh.org\/wp-content\/uploads\/2026\/09\/halina-milgrom-i-slawa-2048x2042.jpg 2048w, https:\/\/humanosh.org\/wp-content\/uploads\/2026\/09\/halina-milgrom-i-slawa-12x12.jpg 12w\" sizes=\"auto, (max-width: 1024px) 100vw, 1024px\" \/><figcaption class=\"wp-element-caption\">Halina Milgrom i S\u0142awa<\/figcaption><\/figure>\n\n\n\n<figure class=\"wp-block-image size-large\"><img loading=\"lazy\" decoding=\"async\" width=\"960\" height=\"640\" data-id=\"1125\" src=\"https:\/\/humanosh.org\/wp-content\/uploads\/2026\/09\/Zdjecie-zrobione-w-1991-na-slubie-Betsie-Lasko-corki-Leona-Mischela.jpeg\" alt=\"Zdj\u0119cie zrobione w 1991 na \u015blubie Betsie Lasko (c\u00f3rki Leona Mischela)\" class=\"wp-image-1125\" srcset=\"https:\/\/humanosh.org\/wp-content\/uploads\/2026\/09\/Zdjecie-zrobione-w-1991-na-slubie-Betsie-Lasko-corki-Leona-Mischela.jpeg 960w, https:\/\/humanosh.org\/wp-content\/uploads\/2026\/09\/Zdjecie-zrobione-w-1991-na-slubie-Betsie-Lasko-corki-Leona-Mischela-300x200.jpeg 300w, https:\/\/humanosh.org\/wp-content\/uploads\/2026\/09\/Zdjecie-zrobione-w-1991-na-slubie-Betsie-Lasko-corki-Leona-Mischela-768x512.jpeg 768w, https:\/\/humanosh.org\/wp-content\/uploads\/2026\/09\/Zdjecie-zrobione-w-1991-na-slubie-Betsie-Lasko-corki-Leona-Mischela-18x12.jpeg 18w\" sizes=\"auto, (max-width: 960px) 100vw, 960px\" \/><figcaption class=\"wp-element-caption\">Zdj\u0119cie zrobione w 1991 na \u015blubie Betsie<br>Lasko (c\u00f3rki Leona Mischela)<\/figcaption><\/figure>\n\n\n\n<figure class=\"wp-block-image size-large\"><img loading=\"lazy\" decoding=\"async\" width=\"1006\" height=\"1024\" data-id=\"1121\" src=\"https:\/\/humanosh.org\/wp-content\/uploads\/2026\/09\/Feliks-Milgrom-ze-Slawa-Niagara-1006x1024.jpg\" alt=\"Feliks Milgrom ze S\u0142awa, Niagara\" class=\"wp-image-1121\" srcset=\"https:\/\/humanosh.org\/wp-content\/uploads\/2026\/09\/Feliks-Milgrom-ze-Slawa-Niagara-1006x1024.jpg 1006w, https:\/\/humanosh.org\/wp-content\/uploads\/2026\/09\/Feliks-Milgrom-ze-Slawa-Niagara-295x300.jpg 295w, https:\/\/humanosh.org\/wp-content\/uploads\/2026\/09\/Feliks-Milgrom-ze-Slawa-Niagara-768x781.jpg 768w, https:\/\/humanosh.org\/wp-content\/uploads\/2026\/09\/Feliks-Milgrom-ze-Slawa-Niagara-1510x1536.jpg 1510w, https:\/\/humanosh.org\/wp-content\/uploads\/2026\/09\/Feliks-Milgrom-ze-Slawa-Niagara-2013x2048.jpg 2013w, https:\/\/humanosh.org\/wp-content\/uploads\/2026\/09\/Feliks-Milgrom-ze-Slawa-Niagara-12x12.jpg 12w\" sizes=\"auto, (max-width: 1006px) 100vw, 1006px\" \/><figcaption class=\"wp-element-caption\">Feliks Milgrom ze S\u0142awa, Niagara<\/figcaption><\/figure>\n\n\n\n<figure class=\"wp-block-image size-large\"><img loading=\"lazy\" decoding=\"async\" width=\"960\" height=\"640\" data-id=\"1120\" src=\"https:\/\/humanosh.org\/wp-content\/uploads\/2026\/09\/Michael-Feit-z-wnukami.jpeg\" alt=\"Michael i Irena Feit z c\u00f3rkami, Susan Feit- Stern i Betsie Lasko\" class=\"wp-image-1120\" srcset=\"https:\/\/humanosh.org\/wp-content\/uploads\/2026\/09\/Michael-Feit-z-wnukami.jpeg 960w, https:\/\/humanosh.org\/wp-content\/uploads\/2026\/09\/Michael-Feit-z-wnukami-300x200.jpeg 300w, https:\/\/humanosh.org\/wp-content\/uploads\/2026\/09\/Michael-Feit-z-wnukami-768x512.jpeg 768w, https:\/\/humanosh.org\/wp-content\/uploads\/2026\/09\/Michael-Feit-z-wnukami-18x12.jpeg 18w\" sizes=\"auto, (max-width: 960px) 100vw, 960px\" \/><figcaption class=\"wp-element-caption\">Michael i Irena Feit z c\u00f3rkami, Susan Feit-<br>Stern i Betsie Lasko<\/figcaption><\/figure>\n\n\n\n<figure class=\"wp-block-image size-large\"><img loading=\"lazy\" decoding=\"async\" width=\"1024\" height=\"768\" data-id=\"1119\" src=\"https:\/\/humanosh.org\/wp-content\/uploads\/2026\/09\/MICHAE3.jpe\" alt=\"Michael i Irene Feit (wy\u017cej, para po prawej) z ich c\u00f3rkami Betsy i Susan (wy\u017cej, po lewej). Halina Milgrom i jej syn Martin na dole\" class=\"wp-image-1119\" srcset=\"https:\/\/humanosh.org\/wp-content\/uploads\/2026\/09\/MICHAE3.jpe 1024w, https:\/\/humanosh.org\/wp-content\/uploads\/2026\/09\/MICHAE3-300x225.jpe 300w, https:\/\/humanosh.org\/wp-content\/uploads\/2026\/09\/MICHAE3-768x576.jpe 768w, https:\/\/humanosh.org\/wp-content\/uploads\/2026\/09\/MICHAE3-16x12.jpe 16w\" sizes=\"auto, (max-width: 1024px) 100vw, 1024px\" \/><figcaption class=\"wp-element-caption\">Michael i Irene Feit (wy\u017cej, para po prawej) z ich c\u00f3rkami Betsy i Susan (wy\u017cej, po lewej). Halina Milgrom i jej syn Martin na dole<\/figcaption><\/figure>\n\n\n\n<figure class=\"wp-block-image size-large\"><img loading=\"lazy\" decoding=\"async\" width=\"500\" height=\"333\" data-id=\"1118\" src=\"https:\/\/humanosh.org\/wp-content\/uploads\/2026\/09\/Irene-i-Michael-Feit-z-rodzina.jpeg\" alt=\"Irene i Michael Feit z rodzin\u0105\" class=\"wp-image-1118\" srcset=\"https:\/\/humanosh.org\/wp-content\/uploads\/2026\/09\/Irene-i-Michael-Feit-z-rodzina.jpeg 500w, https:\/\/humanosh.org\/wp-content\/uploads\/2026\/09\/Irene-i-Michael-Feit-z-rodzina-300x200.jpeg 300w, https:\/\/humanosh.org\/wp-content\/uploads\/2026\/09\/Irene-i-Michael-Feit-z-rodzina-18x12.jpeg 18w\" sizes=\"auto, (max-width: 500px) 100vw, 500px\" \/><figcaption class=\"wp-element-caption\">Irene i Michael Feit z rodzin\u0105<\/figcaption><\/figure>\n\n\n\n<figure class=\"wp-block-image size-large\"><img loading=\"lazy\" decoding=\"async\" width=\"1024\" height=\"778\" data-id=\"1124\" src=\"https:\/\/humanosh.org\/wp-content\/uploads\/2026\/09\/Poswiadczenie-malzenstwa-Susan-Feit-i-Eitana-Sterna.jpeg\" alt=\"Po\u015bwiadczenie ma\u0142\u017ce\u0144stwa Susan Feit i Eitana Sterna\" class=\"wp-image-1124\" srcset=\"https:\/\/humanosh.org\/wp-content\/uploads\/2026\/09\/Poswiadczenie-malzenstwa-Susan-Feit-i-Eitana-Sterna.jpeg 1024w, https:\/\/humanosh.org\/wp-content\/uploads\/2026\/09\/Poswiadczenie-malzenstwa-Susan-Feit-i-Eitana-Sterna-300x228.jpeg 300w, https:\/\/humanosh.org\/wp-content\/uploads\/2026\/09\/Poswiadczenie-malzenstwa-Susan-Feit-i-Eitana-Sterna-768x584.jpeg 768w, https:\/\/humanosh.org\/wp-content\/uploads\/2026\/09\/Poswiadczenie-malzenstwa-Susan-Feit-i-Eitana-Sterna-16x12.jpeg 16w\" sizes=\"auto, (max-width: 1024px) 100vw, 1024px\" \/><figcaption class=\"wp-element-caption\">Po\u015bwiadczenie ma\u0142\u017ce\u0144stwa Susan Feit i Eitana Sterna<\/figcaption><\/figure>\n\n\n\n<figure class=\"wp-block-image size-large\"><img loading=\"lazy\" decoding=\"async\" width=\"1024\" height=\"768\" data-id=\"1123\" src=\"https:\/\/humanosh.org\/wp-content\/uploads\/2026\/09\/Michael-i-Irene-Feit-Halina-Milgrom-Susan-Feit-i-Betsy-Lasko.jpeg\" alt=\"Michael i Irene Feit, Halina Milgrom, Susan Feit i Betsy Lasko\" class=\"wp-image-1123\" srcset=\"https:\/\/humanosh.org\/wp-content\/uploads\/2026\/09\/Michael-i-Irene-Feit-Halina-Milgrom-Susan-Feit-i-Betsy-Lasko.jpeg 1024w, https:\/\/humanosh.org\/wp-content\/uploads\/2026\/09\/Michael-i-Irene-Feit-Halina-Milgrom-Susan-Feit-i-Betsy-Lasko-300x225.jpeg 300w, https:\/\/humanosh.org\/wp-content\/uploads\/2026\/09\/Michael-i-Irene-Feit-Halina-Milgrom-Susan-Feit-i-Betsy-Lasko-768x576.jpeg 768w, https:\/\/humanosh.org\/wp-content\/uploads\/2026\/09\/Michael-i-Irene-Feit-Halina-Milgrom-Susan-Feit-i-Betsy-Lasko-16x12.jpeg 16w\" sizes=\"auto, (max-width: 1024px) 100vw, 1024px\" \/><figcaption class=\"wp-element-caption\">Michael i Irene Feit, Halina Milgrom, Susan Feit i Betsy Lasko<\/figcaption><\/figure>\n\n\n\n<figure class=\"wp-block-image size-large\"><img loading=\"lazy\" decoding=\"async\" width=\"960\" height=\"640\" data-id=\"1122\" src=\"https:\/\/humanosh.org\/wp-content\/uploads\/2026\/09\/Michael-i-Irena-Feit-z-corkami-Susan-Feit-Stern-i-Betsie-Lasko.jpeg\" alt=\"Michael i Irena Feit z c\u00f3rkami, Susan Feit- Stern i Betsie Lasko\" class=\"wp-image-1122\" srcset=\"https:\/\/humanosh.org\/wp-content\/uploads\/2026\/09\/Michael-i-Irena-Feit-z-corkami-Susan-Feit-Stern-i-Betsie-Lasko.jpeg 960w, https:\/\/humanosh.org\/wp-content\/uploads\/2026\/09\/Michael-i-Irena-Feit-z-corkami-Susan-Feit-Stern-i-Betsie-Lasko-300x200.jpeg 300w, https:\/\/humanosh.org\/wp-content\/uploads\/2026\/09\/Michael-i-Irena-Feit-z-corkami-Susan-Feit-Stern-i-Betsie-Lasko-768x512.jpeg 768w, https:\/\/humanosh.org\/wp-content\/uploads\/2026\/09\/Michael-i-Irena-Feit-z-corkami-Susan-Feit-Stern-i-Betsie-Lasko-18x12.jpeg 18w\" sizes=\"auto, (max-width: 960px) 100vw, 960px\" \/><figcaption class=\"wp-element-caption\">Michael i Irena Feit z c\u00f3rkami, Susan Feit-<br>Stern i Betsie Lasko<\/figcaption><\/figure>\n\n\n\n<figure class=\"wp-block-image size-large\"><img loading=\"lazy\" decoding=\"async\" width=\"960\" height=\"640\" data-id=\"1117\" src=\"https:\/\/humanosh.org\/wp-content\/uploads\/2026\/09\/Irene-i-Michael-Feit-z-rodzina.-Na-gorze-Susan-Feit-Stern-Gilad-Stern-Irene-Feit-Michael-Feit-Ariana-Lasko.jpeg\" alt=\"Irene i Michael Feit z rodzin\u0105. Na g\u00f3rze: Susan Feit-Stern, Gilad Stern, Irene Feit, Michael Feit, Ariana Lasko\" class=\"wp-image-1117\" srcset=\"https:\/\/humanosh.org\/wp-content\/uploads\/2026\/09\/Irene-i-Michael-Feit-z-rodzina.-Na-gorze-Susan-Feit-Stern-Gilad-Stern-Irene-Feit-Michael-Feit-Ariana-Lasko.jpeg 960w, https:\/\/humanosh.org\/wp-content\/uploads\/2026\/09\/Irene-i-Michael-Feit-z-rodzina.-Na-gorze-Susan-Feit-Stern-Gilad-Stern-Irene-Feit-Michael-Feit-Ariana-Lasko-300x200.jpeg 300w, https:\/\/humanosh.org\/wp-content\/uploads\/2026\/09\/Irene-i-Michael-Feit-z-rodzina.-Na-gorze-Susan-Feit-Stern-Gilad-Stern-Irene-Feit-Michael-Feit-Ariana-Lasko-768x512.jpeg 768w, https:\/\/humanosh.org\/wp-content\/uploads\/2026\/09\/Irene-i-Michael-Feit-z-rodzina.-Na-gorze-Susan-Feit-Stern-Gilad-Stern-Irene-Feit-Michael-Feit-Ariana-Lasko-18x12.jpeg 18w\" sizes=\"auto, (max-width: 960px) 100vw, 960px\" \/><figcaption class=\"wp-element-caption\">Irene i Michael Feit z rodzin\u0105. Na g\u00f3rze: Susan Feit-Stern, Gilad Stern, Irene Feit, Michael Feit, Ariana Lasko<\/figcaption><\/figure>\n\n\n\n<figure class=\"wp-block-image size-large\"><img loading=\"lazy\" decoding=\"async\" width=\"1024\" height=\"768\" data-id=\"1116\" src=\"https:\/\/humanosh.org\/wp-content\/uploads\/2026\/09\/Irene-Feit-z-corkami-Susan-i-Betsy.-Siedzi-Halina-Milgrom.jpeg\" alt=\"Irene Feit z c\u00f3rkami, Susan i Betsy. Siedzi Halina Milgrom\" class=\"wp-image-1116\" srcset=\"https:\/\/humanosh.org\/wp-content\/uploads\/2026\/09\/Irene-Feit-z-corkami-Susan-i-Betsy.-Siedzi-Halina-Milgrom.jpeg 1024w, https:\/\/humanosh.org\/wp-content\/uploads\/2026\/09\/Irene-Feit-z-corkami-Susan-i-Betsy.-Siedzi-Halina-Milgrom-300x225.jpeg 300w, https:\/\/humanosh.org\/wp-content\/uploads\/2026\/09\/Irene-Feit-z-corkami-Susan-i-Betsy.-Siedzi-Halina-Milgrom-768x576.jpeg 768w, https:\/\/humanosh.org\/wp-content\/uploads\/2026\/09\/Irene-Feit-z-corkami-Susan-i-Betsy.-Siedzi-Halina-Milgrom-16x12.jpeg 16w\" sizes=\"auto, (max-width: 1024px) 100vw, 1024px\" \/><figcaption class=\"wp-element-caption\">Irene Feit z c\u00f3rkami, Susan i Betsy. Siedzi<br>Halina Milgrom<\/figcaption><\/figure>\n\n\n\n<figure class=\"wp-block-image size-large\"><img loading=\"lazy\" decoding=\"async\" width=\"1024\" height=\"632\" data-id=\"1115\" src=\"https:\/\/humanosh.org\/wp-content\/uploads\/2026\/09\/Identifikator-nowonarodzonej-Susan-Feit.jpeg\" alt=\"dentifikator nowonarodzonej Susan Feit\" class=\"wp-image-1115\" srcset=\"https:\/\/humanosh.org\/wp-content\/uploads\/2026\/09\/Identifikator-nowonarodzonej-Susan-Feit.jpeg 1024w, https:\/\/humanosh.org\/wp-content\/uploads\/2026\/09\/Identifikator-nowonarodzonej-Susan-Feit-300x185.jpeg 300w, https:\/\/humanosh.org\/wp-content\/uploads\/2026\/09\/Identifikator-nowonarodzonej-Susan-Feit-768x474.jpeg 768w, https:\/\/humanosh.org\/wp-content\/uploads\/2026\/09\/Identifikator-nowonarodzonej-Susan-Feit-18x12.jpeg 18w\" sizes=\"auto, (max-width: 1024px) 100vw, 1024px\" \/><figcaption class=\"wp-element-caption\">Identifikator nowonarodzonej Susan Feit<\/figcaption><\/figure>\n\n\n\n<figure class=\"wp-block-image size-large\"><img loading=\"lazy\" decoding=\"async\" width=\"427\" height=\"640\" data-id=\"1114\" src=\"https:\/\/humanosh.org\/wp-content\/uploads\/2026\/09\/Irena-Spiro-z-domu-Mischel-i-Michael-Feit-w-dniu-slubu.jpeg\" alt=\"Irena Spiro (z domu Mischel) i Michael Feit w dniu \u015blubu\" class=\"wp-image-1114\" srcset=\"https:\/\/humanosh.org\/wp-content\/uploads\/2026\/09\/Irena-Spiro-z-domu-Mischel-i-Michael-Feit-w-dniu-slubu.jpeg 427w, https:\/\/humanosh.org\/wp-content\/uploads\/2026\/09\/Irena-Spiro-z-domu-Mischel-i-Michael-Feit-w-dniu-slubu-200x300.jpeg 200w, https:\/\/humanosh.org\/wp-content\/uploads\/2026\/09\/Irena-Spiro-z-domu-Mischel-i-Michael-Feit-w-dniu-slubu-8x12.jpeg 8w\" sizes=\"auto, (max-width: 427px) 100vw, 427px\" \/><figcaption class=\"wp-element-caption\">Irena Spiro (z domu Mischel) i Michael Feit w dniu \u015blubu<\/figcaption><\/figure>\n\n\n\n<figure class=\"wp-block-image size-large\"><img loading=\"lazy\" decoding=\"async\" width=\"960\" height=\"640\" data-id=\"1113\" src=\"https:\/\/humanosh.org\/wp-content\/uploads\/2026\/09\/Irena-i-Michael-Feit-z-corkami-Susan-i-Betsie-wraz-z-mezami-i-dziecmi.jpeg\" alt=\"Irena i Michael Feit z c\u00f3rkami, Susan i Betsie wraz z m\u0119\u017cami i dzie\u0107mi\" class=\"wp-image-1113\" srcset=\"https:\/\/humanosh.org\/wp-content\/uploads\/2026\/09\/Irena-i-Michael-Feit-z-corkami-Susan-i-Betsie-wraz-z-mezami-i-dziecmi.jpeg 960w, https:\/\/humanosh.org\/wp-content\/uploads\/2026\/09\/Irena-i-Michael-Feit-z-corkami-Susan-i-Betsie-wraz-z-mezami-i-dziecmi-300x200.jpeg 300w, https:\/\/humanosh.org\/wp-content\/uploads\/2026\/09\/Irena-i-Michael-Feit-z-corkami-Susan-i-Betsie-wraz-z-mezami-i-dziecmi-768x512.jpeg 768w, https:\/\/humanosh.org\/wp-content\/uploads\/2026\/09\/Irena-i-Michael-Feit-z-corkami-Susan-i-Betsie-wraz-z-mezami-i-dziecmi-18x12.jpeg 18w\" sizes=\"auto, (max-width: 960px) 100vw, 960px\" \/><figcaption class=\"wp-element-caption\">Irena i Michael Feit z c\u00f3rkami, Susan i<br>Betsie wraz z m\u0119\u017cami i dzie\u0107mi<\/figcaption><\/figure>\n\n\n\n<figure class=\"wp-block-image size-large\"><img loading=\"lazy\" decoding=\"async\" width=\"1024\" height=\"683\" data-id=\"1112\" src=\"https:\/\/humanosh.org\/wp-content\/uploads\/2026\/09\/Halina-Milgrom-corka-Leona-and-jej-syn-Henryk.jpeg\" alt=\"Halina Milgrom (c\u00f3rka Leona) i jej syn, Henryk\" class=\"wp-image-1112\" srcset=\"https:\/\/humanosh.org\/wp-content\/uploads\/2026\/09\/Halina-Milgrom-corka-Leona-and-jej-syn-Henryk.jpeg 1024w, https:\/\/humanosh.org\/wp-content\/uploads\/2026\/09\/Halina-Milgrom-corka-Leona-and-jej-syn-Henryk-300x200.jpeg 300w, https:\/\/humanosh.org\/wp-content\/uploads\/2026\/09\/Halina-Milgrom-corka-Leona-and-jej-syn-Henryk-768x512.jpeg 768w, https:\/\/humanosh.org\/wp-content\/uploads\/2026\/09\/Halina-Milgrom-corka-Leona-and-jej-syn-Henryk-18x12.jpeg 18w\" sizes=\"auto, (max-width: 1024px) 100vw, 1024px\" \/><figcaption class=\"wp-element-caption\">Halina Milgrom (c\u00f3rka Leona) i jej syn, Henryk<\/figcaption><\/figure>\n\n\n\n<figure class=\"wp-block-image size-large\"><img loading=\"lazy\" decoding=\"async\" width=\"633\" height=\"1024\" data-id=\"1111\" src=\"https:\/\/humanosh.org\/wp-content\/uploads\/2026\/09\/Ania-corka-Slawy-i-Henry.jpeg\" alt=\"Ania (c\u00f3rka S\u0142awy) i Henry\" class=\"wp-image-1111\" srcset=\"https:\/\/humanosh.org\/wp-content\/uploads\/2026\/09\/Ania-corka-Slawy-i-Henry.jpeg 633w, https:\/\/humanosh.org\/wp-content\/uploads\/2026\/09\/Ania-corka-Slawy-i-Henry-185x300.jpeg 185w, https:\/\/humanosh.org\/wp-content\/uploads\/2026\/09\/Ania-corka-Slawy-i-Henry-7x12.jpeg 7w\" sizes=\"auto, (max-width: 633px) 100vw, 633px\" \/><figcaption class=\"wp-element-caption\">Ania (c\u00f3rka S\u0142awy) i Henry<\/figcaption><\/figure>\n\n\n\n<figure class=\"wp-block-image size-large\"><img loading=\"lazy\" decoding=\"async\" width=\"960\" height=\"640\" data-id=\"1110\" src=\"https:\/\/humanosh.org\/wp-content\/uploads\/2026\/09\/Halina-i-Irena-corki-Leona-Mischela.jpeg\" alt=\"Halina i Irena, c\u00f3rki Leona Mischela\" class=\"wp-image-1110\" srcset=\"https:\/\/humanosh.org\/wp-content\/uploads\/2026\/09\/Halina-i-Irena-corki-Leona-Mischela.jpeg 960w, https:\/\/humanosh.org\/wp-content\/uploads\/2026\/09\/Halina-i-Irena-corki-Leona-Mischela-300x200.jpeg 300w, https:\/\/humanosh.org\/wp-content\/uploads\/2026\/09\/Halina-i-Irena-corki-Leona-Mischela-768x512.jpeg 768w, https:\/\/humanosh.org\/wp-content\/uploads\/2026\/09\/Halina-i-Irena-corki-Leona-Mischela-18x12.jpeg 18w\" sizes=\"auto, (max-width: 960px) 100vw, 960px\" \/><figcaption class=\"wp-element-caption\">Halina i Irena, c\u00f3rki Leona Mischela<\/figcaption><\/figure>\n\n\n\n<figure class=\"wp-block-image size-large\"><img loading=\"lazy\" decoding=\"async\" width=\"1024\" height=\"814\" data-id=\"1109\" src=\"https:\/\/humanosh.org\/wp-content\/uploads\/2026\/09\/Drzewo-genealogiczne-rodziny-Mischel.jpeg\" alt=\"Drzewo genealogiczne rodziny Mischel\" class=\"wp-image-1109\" srcset=\"https:\/\/humanosh.org\/wp-content\/uploads\/2026\/09\/Drzewo-genealogiczne-rodziny-Mischel.jpeg 1024w, https:\/\/humanosh.org\/wp-content\/uploads\/2026\/09\/Drzewo-genealogiczne-rodziny-Mischel-300x238.jpeg 300w, https:\/\/humanosh.org\/wp-content\/uploads\/2026\/09\/Drzewo-genealogiczne-rodziny-Mischel-768x611.jpeg 768w, https:\/\/humanosh.org\/wp-content\/uploads\/2026\/09\/Drzewo-genealogiczne-rodziny-Mischel-15x12.jpeg 15w\" sizes=\"auto, (max-width: 1024px) 100vw, 1024px\" \/><figcaption class=\"wp-element-caption\">Drzewo genealogiczne rodziny Mischel<\/figcaption><\/figure>\n\n\n\n<figure class=\"wp-block-image size-large\"><img loading=\"lazy\" decoding=\"async\" width=\"1024\" height=\"715\" data-id=\"1108\" src=\"https:\/\/humanosh.org\/wp-content\/uploads\/2026\/09\/Akt-urodzenia-Susan-Feit.jpeg\" alt=\"Akt urodzenia Susan Feit\" class=\"wp-image-1108\" srcset=\"https:\/\/humanosh.org\/wp-content\/uploads\/2026\/09\/Akt-urodzenia-Susan-Feit.jpeg 1024w, https:\/\/humanosh.org\/wp-content\/uploads\/2026\/09\/Akt-urodzenia-Susan-Feit-300x209.jpeg 300w, https:\/\/humanosh.org\/wp-content\/uploads\/2026\/09\/Akt-urodzenia-Susan-Feit-768x536.jpeg 768w, https:\/\/humanosh.org\/wp-content\/uploads\/2026\/09\/Akt-urodzenia-Susan-Feit-18x12.jpeg 18w\" sizes=\"auto, (max-width: 1024px) 100vw, 1024px\" \/><figcaption class=\"wp-element-caption\">Akt urodzenia Susan Feit<\/figcaption><\/figure>\n\n\n\n<figure class=\"wp-block-image size-large\"><img loading=\"lazy\" decoding=\"async\" width=\"1024\" height=\"794\" data-id=\"1107\" src=\"https:\/\/humanosh.org\/wp-content\/uploads\/2026\/09\/Akt-malzenstwa-miedzy-Michaelem-Feitem-a-Irena-Spiro-z-domu-Mischel.jpeg\" alt=\"Akt ma\u0142\u017ce\u0144stwa mi\u0119dzy Michaelem Feitem a Iren\u0105 Spiro (z domu Mischel)\" class=\"wp-image-1107\" srcset=\"https:\/\/humanosh.org\/wp-content\/uploads\/2026\/09\/Akt-malzenstwa-miedzy-Michaelem-Feitem-a-Irena-Spiro-z-domu-Mischel.jpeg 1024w, https:\/\/humanosh.org\/wp-content\/uploads\/2026\/09\/Akt-malzenstwa-miedzy-Michaelem-Feitem-a-Irena-Spiro-z-domu-Mischel-300x233.jpeg 300w, https:\/\/humanosh.org\/wp-content\/uploads\/2026\/09\/Akt-malzenstwa-miedzy-Michaelem-Feitem-a-Irena-Spiro-z-domu-Mischel-768x596.jpeg 768w, https:\/\/humanosh.org\/wp-content\/uploads\/2026\/09\/Akt-malzenstwa-miedzy-Michaelem-Feitem-a-Irena-Spiro-z-domu-Mischel-15x12.jpeg 15w\" sizes=\"auto, (max-width: 1024px) 100vw, 1024px\" \/><figcaption class=\"wp-element-caption\">Akt ma\u0142\u017ce\u0144stwa mi\u0119dzy Michaelem<br>Feitem a Iren\u0105 Spiro (z domu Mischel)<\/figcaption><\/figure>\n\n\n\n<figure class=\"wp-block-image size-large\"><img loading=\"lazy\" decoding=\"async\" width=\"775\" height=\"1024\" data-id=\"1106\" src=\"https:\/\/humanosh.org\/wp-content\/uploads\/2026\/09\/Akt-malzenstwa-miedzy-Michaelem-Feitem-a-Irena-Spiro-z-domu-Mischel-3.jpeg\" alt=\"Akt ma\u0142\u017ce\u0144stwa mi\u0119dzy Michaelem Feitem a Iren\u0105 Spiro (z domu Mischel)\" class=\"wp-image-1106\" srcset=\"https:\/\/humanosh.org\/wp-content\/uploads\/2026\/09\/Akt-malzenstwa-miedzy-Michaelem-Feitem-a-Irena-Spiro-z-domu-Mischel-3.jpeg 775w, https:\/\/humanosh.org\/wp-content\/uploads\/2026\/09\/Akt-malzenstwa-miedzy-Michaelem-Feitem-a-Irena-Spiro-z-domu-Mischel-3-227x300.jpeg 227w, https:\/\/humanosh.org\/wp-content\/uploads\/2026\/09\/Akt-malzenstwa-miedzy-Michaelem-Feitem-a-Irena-Spiro-z-domu-Mischel-3-768x1015.jpeg 768w, https:\/\/humanosh.org\/wp-content\/uploads\/2026\/09\/Akt-malzenstwa-miedzy-Michaelem-Feitem-a-Irena-Spiro-z-domu-Mischel-3-9x12.jpeg 9w\" sizes=\"auto, (max-width: 775px) 100vw, 775px\" \/><figcaption class=\"wp-element-caption\">Akt ma\u0142\u017ce\u0144stwa mi\u0119dzy Michaelem<br>Feitem a Iren\u0105 Spiro (z domu Mischel)<\/figcaption><\/figure>\n\n\n\n<figure class=\"wp-block-image size-large\"><img loading=\"lazy\" decoding=\"async\" width=\"661\" height=\"1024\" data-id=\"1105\" src=\"https:\/\/humanosh.org\/wp-content\/uploads\/2026\/09\/Swiadectwo-urodzin-Ireny.jpeg\" alt=\"\u015awiadectwo urodzin Ireny\" class=\"wp-image-1105\" srcset=\"https:\/\/humanosh.org\/wp-content\/uploads\/2026\/09\/Swiadectwo-urodzin-Ireny.jpeg 661w, https:\/\/humanosh.org\/wp-content\/uploads\/2026\/09\/Swiadectwo-urodzin-Ireny-194x300.jpeg 194w, https:\/\/humanosh.org\/wp-content\/uploads\/2026\/09\/Swiadectwo-urodzin-Ireny-8x12.jpeg 8w\" sizes=\"auto, (max-width: 661px) 100vw, 661px\" \/><figcaption class=\"wp-element-caption\">\u015awiadectwo urodzin Ireny<\/figcaption><\/figure>\n\n\n\n<figure class=\"wp-block-image size-large\"><img loading=\"lazy\" decoding=\"async\" width=\"1024\" height=\"799\" data-id=\"1104\" src=\"https:\/\/humanosh.org\/wp-content\/uploads\/2026\/09\/Akt-malzenstwa-miedzy-Michaelem-Feitem-a-Irena-Spiro-z-domu-Mischel-2.jpeg\" alt=\"Akt ma\u0142\u017ce\u0144stwa mi\u0119dzy Michaelem Feitem a Iren\u0105 Spiro (z domu Mischel)\" class=\"wp-image-1104\" srcset=\"https:\/\/humanosh.org\/wp-content\/uploads\/2026\/09\/Akt-malzenstwa-miedzy-Michaelem-Feitem-a-Irena-Spiro-z-domu-Mischel-2.jpeg 1024w, https:\/\/humanosh.org\/wp-content\/uploads\/2026\/09\/Akt-malzenstwa-miedzy-Michaelem-Feitem-a-Irena-Spiro-z-domu-Mischel-2-300x234.jpeg 300w, https:\/\/humanosh.org\/wp-content\/uploads\/2026\/09\/Akt-malzenstwa-miedzy-Michaelem-Feitem-a-Irena-Spiro-z-domu-Mischel-2-768x599.jpeg 768w, https:\/\/humanosh.org\/wp-content\/uploads\/2026\/09\/Akt-malzenstwa-miedzy-Michaelem-Feitem-a-Irena-Spiro-z-domu-Mischel-2-15x12.jpeg 15w\" sizes=\"auto, (max-width: 1024px) 100vw, 1024px\" \/><figcaption class=\"wp-element-caption\">Akt ma\u0142\u017ce\u0144stwa mi\u0119dzy Michaelem<br>Feitem a Iren\u0105 Spiro (z domu Mischel)<\/figcaption><\/figure>\n<\/figure>\n\n\n\n<p class=\"wp-block-paragraph\"><\/p>","protected":false},"excerpt":{"rendered":"<p>Bracia, doktor Leon i doktor Samuel Mischel ukrywali si\u0119 razem ze swoimi rodzinami. \u017bona Leona, Berta, zmar\u0142a po wojnie w Buffalo w stanie Nowy Jork. Samuel nie doczeka\u0142 emigracji, zmar\u0142 w Drohobyczu w latach 1945 do 1946. Jego \u017cona Helena, z domu Gruber, przenios\u0142a si\u0119 po wojnie do Dayton Spring w stanie Maryland, a ich [&hellip;]<\/p>\n","protected":false},"author":2,"featured_media":0,"parent":0,"menu_order":0,"comment_status":"closed","ping_status":"closed","template":"","meta":{"footnotes":""},"class_list":["post-1130","page","type-page","status-publish","hentry"],"_links":{"self":[{"href":"https:\/\/humanosh.org\/en\/wp-json\/wp\/v2\/pages\/1130","targetHints":{"allow":["GET"]}}],"collection":[{"href":"https:\/\/humanosh.org\/en\/wp-json\/wp\/v2\/pages"}],"about":[{"href":"https:\/\/humanosh.org\/en\/wp-json\/wp\/v2\/types\/page"}],"author":[{"embeddable":true,"href":"https:\/\/humanosh.org\/en\/wp-json\/wp\/v2\/users\/2"}],"replies":[{"embeddable":true,"href":"https:\/\/humanosh.org\/en\/wp-json\/wp\/v2\/comments?post=1130"}],"version-history":[{"count":1,"href":"https:\/\/humanosh.org\/en\/wp-json\/wp\/v2\/pages\/1130\/revisions"}],"predecessor-version":[{"id":1131,"href":"https:\/\/humanosh.org\/en\/wp-json\/wp\/v2\/pages\/1130\/revisions\/1131"}],"wp:attachment":[{"href":"https:\/\/humanosh.org\/en\/wp-json\/wp\/v2\/media?parent=1130"}],"curies":[{"name":"wp","href":"https:\/\/api.w.org\/{rel}","templated":true}]}}