{"id":935,"date":"2026-09-02T03:17:39","date_gmt":"2026-09-02T01:17:39","guid":{"rendered":"https:\/\/humanosh.org\/?page_id=935"},"modified":"2026-09-02T03:17:39","modified_gmt":"2026-09-02T01:17:39","slug":"historia-ocalonych","status":"publish","type":"page","link":"https:\/\/humanosh.org\/en\/historia-ocalonych\/","title":{"rendered":"Historia ocalonych"},"content":{"rendered":"<p class=\"wp-block-paragraph\">Trzydzie\u015bci dziewi\u0119\u0107 os\u00f3b pochodzenia \u017cydowskiego przetrwa\u0142o niemieck\u0105 okupacj\u0119 Drohobycza, ukrywaj\u0105c si\u0119 przez dwadzie\u015bcia dwa miesi\u0105ce w piwnicy pod domem S\u0142awy i Izydora Wo\u0142osia\u0144skich. Byli w\u015br\u00f3d nich lekarze, prawnicy, krawcowe, dzieci w wieku kilku lat i osoby starsze. Poni\u017cej opowiadamy, kim byli i jak potoczy\u0142y si\u0119 ich dalsze losy.<\/p>\n\n\n\n<div data-wp-context=\"{ &quot;autoclose&quot;: false, &quot;accordionItems&quot;: [] }\" data-wp-interactive=\"core\/accordion\" role=\"group\" class=\"wp-block-accordion is-layout-flow wp-block-accordion-is-layout-flow\">\n<div data-wp-class--is-open=\"state.isOpen\" data-wp-context=\"{ &quot;id&quot;: &quot;accordion-item-1&quot;, &quot;openByDefault&quot;: true }\" data-wp-init=\"callbacks.initAccordionItems\" data-wp-on-window--hashchange=\"callbacks.hashChange\" class=\"wp-block-accordion-item is-open is-layout-flow wp-block-accordion-item-is-layout-flow\">\n<h3 class=\"wp-block-accordion-heading has-icon has-icon-right\"><button aria-expanded=\"true\" aria-controls=\"accordion-item-1-panel\" data-wp-bind--aria-expanded=\"state.isOpen\" data-wp-on--click=\"actions.toggle\" id=\"accordion-item-1\" type=\"button\" class=\"wp-block-accordion-heading__toggle\"><span class=\"wp-block-accordion-heading__toggle-title\">Rodzina Hendel<\/span><span class=\"wp-block-accordion-heading__toggle-icon\" aria-hidden=\"true\">+<\/span><\/button><\/h3>\n\n\n\n<div aria-labelledby=\"accordion-item-1\" data-wp-bind--hidden=\"state.isHidden\" data-wp-on--beforematch=\"actions.handleBeforeMatch\" id=\"accordion-item-1-panel\" role=\"region\" class=\"wp-block-accordion-panel is-layout-flow wp-block-accordion-panel-is-layout-flow\">\n<p class=\"has-oswald-font-family wp-block-paragraph\" style=\"text-transform:uppercase\">1. Bezazel Artur Hendel<br>2. Zofia Hendel<br>3. Hadassa Lizi Hendel<\/p>\n\n\n\n<p class=\"wp-block-paragraph\">Bezalel (Calek) Artur Hendel urodzi\u0142 si\u0119 14 sierpnia 1887 r. w Lipnie w zaborze rosyjskim \u2013 obecnie jest to Polska. W niezamo\u017cnej, pobo\u017cnej rodzinie \u017cydowskiej. Jako m\u0142ody cz\u0142owiek uczy\u0142 si\u0119, aby zosta\u0107 kantorem, czyli prowadz\u0105cym modlitw\u0119 i koszernym rze\u017anikiem. W tym celu odwiedzi\u0142 swojego starszego brata, kt\u00f3ry by\u0142 ju\u017c rze\u017anikiem w Zagrzebiu. Na pocz\u0105tku lat\u2026<\/p>\n\n\n\n<p class=\"wp-block-paragraph\"><a href=\"https:\/\/humanosh.org\/en\/historia-rodziny-hendel\/\" data-type=\"page\" data-id=\"1086\">Przeczytaj wi\u0119cej<\/a><\/p>\n<\/div>\n<\/div>\n\n\n\n<div data-wp-class--is-open=\"state.isOpen\" data-wp-context=\"{ &quot;id&quot;: &quot;accordion-item-2&quot;, &quot;openByDefault&quot;: false }\" data-wp-init=\"callbacks.initAccordionItems\" data-wp-on-window--hashchange=\"callbacks.hashChange\" class=\"wp-block-accordion-item is-layout-flow wp-block-accordion-item-is-layout-flow\">\n<h3 class=\"wp-block-accordion-heading has-icon has-icon-right\"><button aria-expanded=\"false\" aria-controls=\"accordion-item-2-panel\" data-wp-bind--aria-expanded=\"state.isOpen\" data-wp-on--click=\"actions.toggle\" id=\"accordion-item-2\" type=\"button\" class=\"wp-block-accordion-heading__toggle\"><span class=\"wp-block-accordion-heading__toggle-title\">Rodzina Sztok<\/span><span class=\"wp-block-accordion-heading__toggle-icon\" aria-hidden=\"true\">+<\/span><\/button><\/h3>\n\n\n\n<div aria-labelledby=\"accordion-item-2\" data-wp-bind--hidden=\"state.isHidden\" data-wp-on--beforematch=\"actions.handleBeforeMatch\" id=\"accordion-item-2-panel\" role=\"region\" class=\"wp-block-accordion-panel is-layout-flow wp-block-accordion-panel-is-layout-flow\">\n<p class=\"has-oswald-font-family wp-block-paragraph\" style=\"text-transform:uppercase\">4. Wolf Sztok<br>5. Genia Sztok<br>6. Stella Sztok<br>7. Mitka Sztok<br>8. Niania<\/p>\n\n\n\n<p class=\"wp-block-paragraph\">Wolf Sztok, brat Eugenii Herzig, i jego \u017cona Genia, znana te\u017c jako Tova, ukrywali si\u0119 razem z dwiema c\u00f3rkami, Stell\u0105 i Mitk\u0105, oraz niani\u0105, kt\u00f3rej nazwiska niestety nie uda\u0142o si\u0119 ustali\u0107. Stella mia\u0142a podczas okupacji od o\u015bmiu do dziesi\u0119ciu lat, Mitka pi\u0119\u0107 lub sze\u015b\u0107. Obie po wojnie wyjecha\u0142y do Izraela\u2026<\/p>\n\n\n\n<p class=\"wp-block-paragraph\"><a href=\"https:\/\/humanosh.org\/en\/historia-rodziny-sztok\/\" data-type=\"page\" data-id=\"1088\">Przeczytaj wi\u0119cej<\/a><\/p>\n<\/div>\n<\/div>\n\n\n\n<div data-wp-class--is-open=\"state.isOpen\" data-wp-context=\"{ &quot;id&quot;: &quot;accordion-item-3&quot;, &quot;openByDefault&quot;: false }\" data-wp-init=\"callbacks.initAccordionItems\" data-wp-on-window--hashchange=\"callbacks.hashChange\" class=\"wp-block-accordion-item is-layout-flow wp-block-accordion-item-is-layout-flow\">\n<h3 class=\"wp-block-accordion-heading has-icon has-icon-right\"><button aria-expanded=\"false\" aria-controls=\"accordion-item-3-panel\" data-wp-bind--aria-expanded=\"state.isOpen\" data-wp-on--click=\"actions.toggle\" id=\"accordion-item-3\" type=\"button\" class=\"wp-block-accordion-heading__toggle\"><span class=\"wp-block-accordion-heading__toggle-title\">Motio Egert i rodzina Strasser<\/span><span class=\"wp-block-accordion-heading__toggle-icon\" aria-hidden=\"true\">+<\/span><\/button><\/h3>\n\n\n\n<div aria-labelledby=\"accordion-item-3\" data-wp-bind--hidden=\"state.isHidden\" data-wp-on--beforematch=\"actions.handleBeforeMatch\" id=\"accordion-item-3-panel\" role=\"region\" class=\"wp-block-accordion-panel is-layout-flow wp-block-accordion-panel-is-layout-flow\">\n<p class=\"has-oswald-font-family wp-block-paragraph\" style=\"text-transform:uppercase\">9. Motio Egert<br>10. Fela Strasser<br>11. Lonio Strasser<\/p>\n\n\n\n<p class=\"wp-block-paragraph\">Motio Egert, brat Feli Strasser, ukrywa\u0142 si\u0119 pocz\u0105tkowo w s\u0105siedniej piwnicy i to on wykopa\u0142 po\u0142\u0105czenie \u0142\u0105cz\u0105ce obie kryj\u00f3wki, dzi\u0119ki czemu obie grupy odkry\u0142y nawzajem swoje istnienie. Po wyzwoleniu Drohobycza zaci\u0105gn\u0105\u0142 si\u0119 do Armii Czerwonej\u2026<\/p>\n\n\n\n<p class=\"wp-block-paragraph\"><a href=\"https:\/\/humanosh.org\/en\/historia-rodziny-strasser\/\" data-type=\"page\" data-id=\"1090\">Przeczytaj wi\u0119cej<\/a><\/p>\n<\/div>\n<\/div>\n\n\n\n<div data-wp-class--is-open=\"state.isOpen\" data-wp-context=\"{ &quot;id&quot;: &quot;accordion-item-4&quot;, &quot;openByDefault&quot;: false }\" data-wp-init=\"callbacks.initAccordionItems\" data-wp-on-window--hashchange=\"callbacks.hashChange\" class=\"wp-block-accordion-item is-layout-flow wp-block-accordion-item-is-layout-flow\">\n<h3 class=\"wp-block-accordion-heading has-icon has-icon-right\"><button aria-expanded=\"false\" aria-controls=\"accordion-item-4-panel\" data-wp-bind--aria-expanded=\"state.isOpen\" data-wp-on--click=\"actions.toggle\" id=\"accordion-item-4\" type=\"button\" class=\"wp-block-accordion-heading__toggle\"><span class=\"wp-block-accordion-heading__toggle-title\">Gustaw i Janina Kreisler<\/span><span class=\"wp-block-accordion-heading__toggle-icon\" aria-hidden=\"true\">+<\/span><\/button><\/h3>\n\n\n\n<div aria-labelledby=\"accordion-item-4\" data-wp-bind--hidden=\"state.isHidden\" data-wp-on--beforematch=\"actions.handleBeforeMatch\" id=\"accordion-item-4-panel\" role=\"region\" class=\"wp-block-accordion-panel is-layout-flow wp-block-accordion-panel-is-layout-flow\">\n<p class=\"has-oswald-font-family wp-block-paragraph\" style=\"text-transform:uppercase\">12. Gustaw Kreisler<br>13. Janina Kreisler<\/p>\n\n\n\n<p class=\"wp-block-paragraph\">Gustaw Kreisler, doktor nauk chemicznych pracuj\u0105cy przed wojn\u0105 w rafinerii, by\u0142 bliskim przyjacielem Elyakima Davida Klinghoffera. Ukrywa\u0142 si\u0119 razem z \u017con\u0105 Janin\u0105, kt\u00f3ra mia\u0142a syna z wcze\u015bniejszego ma\u0142\u017ce\u0144stwa z m\u0119\u017cczyzn\u0105 nieb\u0119d\u0105cym \u017bydem. Po wojnie Gustaw wr\u00f3ci\u0142 do rodzinnego Wiednia, p\u00f3\u017aniej przeni\u00f3s\u0142 si\u0119 do Gliwic. Syn Janiny osiad\u0142 ostatecznie w Australii.<\/p>\n<\/div>\n<\/div>\n\n\n\n<div data-wp-class--is-open=\"state.isOpen\" data-wp-context=\"{ &quot;id&quot;: &quot;accordion-item-6&quot;, &quot;openByDefault&quot;: false }\" data-wp-init=\"callbacks.initAccordionItems\" data-wp-on-window--hashchange=\"callbacks.hashChange\" class=\"wp-block-accordion-item is-layout-flow wp-block-accordion-item-is-layout-flow\">\n<h3 class=\"wp-block-accordion-heading has-icon has-icon-right\"><button aria-expanded=\"false\" aria-controls=\"accordion-item-6-panel\" data-wp-bind--aria-expanded=\"state.isOpen\" data-wp-on--click=\"actions.toggle\" id=\"accordion-item-6\" type=\"button\" class=\"wp-block-accordion-heading__toggle\"><span class=\"wp-block-accordion-heading__toggle-title\">Elyakim Klinghoffer<\/span><span class=\"wp-block-accordion-heading__toggle-icon\" aria-hidden=\"true\">+<\/span><\/button><\/h3>\n\n\n\n<div aria-labelledby=\"accordion-item-6\" data-wp-bind--hidden=\"state.isHidden\" data-wp-on--beforematch=\"actions.handleBeforeMatch\" id=\"accordion-item-6-panel\" role=\"region\" class=\"wp-block-accordion-panel is-layout-flow wp-block-accordion-panel-is-layout-flow\">\n<p class=\"has-oswald-font-family wp-block-paragraph\" style=\"text-transform:uppercase\">14. Elyakim David Klinghoffer<\/p>\n\n\n\n<p class=\"wp-block-paragraph\">Prawnik z wykszta\u0142cenia, przyjaciel zar\u00f3wno Gustawa Kreislera, jak i Jakuba Zobla. Po wojnie przeni\u00f3s\u0142 si\u0119 do Hajfy w Izraelu.<\/p>\n\n\n\n<figure class=\"wp-block-gallery has-nested-images columns-2 is-cropped wp-block-gallery-5 is-layout-flex wp-block-gallery-is-layout-flex\">\n<figure class=\"wp-block-image size-large\"><img decoding=\"async\" width=\"452\" height=\"640\" fetchpriority=\"low\" data-id=\"1007\" src=\"https:\/\/humanosh.org\/wp-content\/uploads\/2026\/08\/Stella-Kreshess-niece-of-Elyakim-Klinghoffer-wedding-photo.-Her-sons-photo-inserted-in-the-frame.jpeg\" alt=\"Eliakim Klinghoffer\" class=\"wp-image-1007\" style=\"aspect-ratio:1\" srcset=\"https:\/\/humanosh.org\/wp-content\/uploads\/2026\/08\/Stella-Kreshess-niece-of-Elyakim-Klinghoffer-wedding-photo.-Her-sons-photo-inserted-in-the-frame.jpeg 452w, https:\/\/humanosh.org\/wp-content\/uploads\/2026\/08\/Stella-Kreshess-niece-of-Elyakim-Klinghoffer-wedding-photo.-Her-sons-photo-inserted-in-the-frame-212x300.jpeg 212w, https:\/\/humanosh.org\/wp-content\/uploads\/2026\/08\/Stella-Kreshess-niece-of-Elyakim-Klinghoffer-wedding-photo.-Her-sons-photo-inserted-in-the-frame-8x12.jpeg 8w\" sizes=\"(max-width: 452px) 100vw, 452px\" \/><figcaption class=\"wp-element-caption\">Eliakim Klinghoffer<\/figcaption><\/figure>\n\n\n\n<figure class=\"wp-block-image size-large\"><img decoding=\"async\" width=\"497\" height=\"640\" fetchpriority=\"low\" data-id=\"1008\" src=\"https:\/\/humanosh.org\/wp-content\/uploads\/2026\/08\/Elyakim-Klinghoffer.jpeg\" alt=\"Zdj\u0119cie \u015blubne siostrzenicy Eliakima\" class=\"wp-image-1008\" style=\"aspect-ratio:1\" srcset=\"https:\/\/humanosh.org\/wp-content\/uploads\/2026\/08\/Elyakim-Klinghoffer.jpeg 497w, https:\/\/humanosh.org\/wp-content\/uploads\/2026\/08\/Elyakim-Klinghoffer-233x300.jpeg 233w, https:\/\/humanosh.org\/wp-content\/uploads\/2026\/08\/Elyakim-Klinghoffer-9x12.jpeg 9w\" sizes=\"(max-width: 497px) 100vw, 497px\" \/><figcaption class=\"wp-element-caption\">Zdj\u0119cie \u015blubne siostrzenicy Eliakima<\/figcaption><\/figure>\n\n\n\n<figure class=\"wp-block-image size-large\"><img decoding=\"async\" width=\"640\" height=\"427\" fetchpriority=\"low\" data-id=\"1010\" src=\"https:\/\/humanosh.org\/wp-content\/uploads\/2026\/08\/Stella-Kreshes-Klinghoffer-niece-of-Elyakim-Klinghoffer.jpeg\" alt=\"Stella Kreshes-Klinghoffer, siostrzenica Eliakima\" class=\"wp-image-1010\" style=\"aspect-ratio:1\" srcset=\"https:\/\/humanosh.org\/wp-content\/uploads\/2026\/08\/Stella-Kreshes-Klinghoffer-niece-of-Elyakim-Klinghoffer.jpeg 640w, https:\/\/humanosh.org\/wp-content\/uploads\/2026\/08\/Stella-Kreshes-Klinghoffer-niece-of-Elyakim-Klinghoffer-300x200.jpeg 300w, https:\/\/humanosh.org\/wp-content\/uploads\/2026\/08\/Stella-Kreshes-Klinghoffer-niece-of-Elyakim-Klinghoffer-18x12.jpeg 18w\" sizes=\"(max-width: 640px) 100vw, 640px\" \/><figcaption class=\"wp-element-caption\">Stella Kreshes-Klinghoffer, siostrzenica Eliakima<\/figcaption><\/figure>\n\n\n\n<figure class=\"wp-block-image size-large\"><img decoding=\"async\" width=\"640\" height=\"427\" fetchpriority=\"low\" data-id=\"1009\" src=\"https:\/\/humanosh.org\/wp-content\/uploads\/2026\/08\/Irit-Danziger-Klinghoffer-niece-of-Elyakim-Klinghoffer.jpeg\" alt=\"Irit Danziger, siostrzenica Eliakima\" class=\"wp-image-1009\" style=\"aspect-ratio:1\" srcset=\"https:\/\/humanosh.org\/wp-content\/uploads\/2026\/08\/Irit-Danziger-Klinghoffer-niece-of-Elyakim-Klinghoffer.jpeg 640w, https:\/\/humanosh.org\/wp-content\/uploads\/2026\/08\/Irit-Danziger-Klinghoffer-niece-of-Elyakim-Klinghoffer-300x200.jpeg 300w, https:\/\/humanosh.org\/wp-content\/uploads\/2026\/08\/Irit-Danziger-Klinghoffer-niece-of-Elyakim-Klinghoffer-18x12.jpeg 18w\" sizes=\"(max-width: 640px) 100vw, 640px\" \/><figcaption class=\"wp-element-caption\">Irit Danziger, siostrzenica Eliakima<\/figcaption><\/figure>\n<\/figure>\n<\/div>\n<\/div>\n\n\n\n<div data-wp-class--is-open=\"state.isOpen\" data-wp-context=\"{ &quot;id&quot;: &quot;accordion-item-7&quot;, &quot;openByDefault&quot;: false }\" data-wp-init=\"callbacks.initAccordionItems\" data-wp-on-window--hashchange=\"callbacks.hashChange\" class=\"wp-block-accordion-item is-layout-flow wp-block-accordion-item-is-layout-flow\">\n<h3 class=\"wp-block-accordion-heading has-icon has-icon-right\"><button aria-expanded=\"false\" aria-controls=\"accordion-item-7-panel\" data-wp-bind--aria-expanded=\"state.isOpen\" data-wp-on--click=\"actions.toggle\" id=\"accordion-item-7\" type=\"button\" class=\"wp-block-accordion-heading__toggle\"><span class=\"wp-block-accordion-heading__toggle-title\">Rodzina Bienstock<\/span><span class=\"wp-block-accordion-heading__toggle-icon\" aria-hidden=\"true\">+<\/span><\/button><\/h3>\n\n\n\n<div aria-labelledby=\"accordion-item-7\" data-wp-bind--hidden=\"state.isHidden\" data-wp-on--beforematch=\"actions.handleBeforeMatch\" id=\"accordion-item-7-panel\" role=\"region\" class=\"wp-block-accordion-panel is-layout-flow wp-block-accordion-panel-is-layout-flow\">\n<p class=\"has-oswald-font-family wp-block-paragraph\" style=\"text-transform:uppercase\">15. Ruth Bienstock<br>16. M\u0105\u017c Ruth Bienstock<br>17. Pan Levi\/Weiss<\/p>\n\n\n\n<p class=\"wp-block-paragraph\">Ruth Bienstock ukrywa\u0142a si\u0119 razem z m\u0119\u017cem, kt\u00f3rego imienia nie uda\u0142o si\u0119 ustali\u0107, oraz ojcem, znanym jedynie jako pan Levi lub Weiss. Ich dalsze losy pozostaj\u0105 nieznane.<\/p>\n<\/div>\n<\/div>\n\n\n\n<div data-wp-class--is-open=\"state.isOpen\" data-wp-context=\"{ &quot;id&quot;: &quot;accordion-item-9&quot;, &quot;openByDefault&quot;: false }\" data-wp-init=\"callbacks.initAccordionItems\" data-wp-on-window--hashchange=\"callbacks.hashChange\" class=\"wp-block-accordion-item is-layout-flow wp-block-accordion-item-is-layout-flow\">\n<h3 class=\"wp-block-accordion-heading has-icon has-icon-right\"><button aria-expanded=\"false\" aria-controls=\"accordion-item-9-panel\" data-wp-bind--aria-expanded=\"state.isOpen\" data-wp-on--click=\"actions.toggle\" id=\"accordion-item-9\" type=\"button\" class=\"wp-block-accordion-heading__toggle\"><span class=\"wp-block-accordion-heading__toggle-title\">Rodzina Frey<\/span><span class=\"wp-block-accordion-heading__toggle-icon\" aria-hidden=\"true\">+<\/span><\/button><\/h3>\n\n\n\n<div aria-labelledby=\"accordion-item-9\" data-wp-bind--hidden=\"state.isHidden\" data-wp-on--beforematch=\"actions.handleBeforeMatch\" id=\"accordion-item-9-panel\" role=\"region\" class=\"wp-block-accordion-panel is-layout-flow wp-block-accordion-panel-is-layout-flow\">\n<p class=\"has-oswald-font-family wp-block-paragraph\" style=\"text-transform:uppercase\">18. Bertold Frey<br>19. Halina Frey<br>20. Amalia Rozenberg<\/p>\n\n\n\n<p class=\"wp-block-paragraph\">Bertold Frey, z zawodu dentysta, ukrywa\u0142 si\u0119 razem z \u017con\u0105 Halin\u0105, c\u00f3rk\u0105 Amalii Rozenberg. Halina by\u0142a jedn\u0105 z najbli\u017cszych przyjaci\u00f3\u0142ek S\u0142awy i utrzymywa\u0142a z ni\u0105 kontakt do ko\u0144ca \u017cycia. Po wojnie ma\u0142\u017ce\u0144stwo przenios\u0142o si\u0119 do Offenbach w Niemczech, gdzie wychowa\u0142o syna Jurka. Amalia, matka Haliny, zmar\u0142a w Gliwicach w 1967 roku.<\/p>\n\n\n\n<figure class=\"wp-block-gallery has-nested-images columns-default is-cropped wp-block-gallery-8 is-layout-flex wp-block-gallery-is-layout-flex\">\n<figure class=\"wp-block-image size-large\"><img decoding=\"async\" width=\"700\" height=\"1024\" fetchpriority=\"low\" data-id=\"1022\" src=\"https:\/\/humanosh.org\/wp-content\/uploads\/2026\/08\/Slawa-z-Hela-Frey-700x1024.jpg\" alt=\"S\u0142awa z Helen\u0105 Frey\" class=\"wp-image-1022\" style=\"aspect-ratio:1\" srcset=\"https:\/\/humanosh.org\/wp-content\/uploads\/2026\/08\/Slawa-z-Hela-Frey-700x1024.jpg 700w, https:\/\/humanosh.org\/wp-content\/uploads\/2026\/08\/Slawa-z-Hela-Frey-205x300.jpg 205w, https:\/\/humanosh.org\/wp-content\/uploads\/2026\/08\/Slawa-z-Hela-Frey-768x1123.jpg 768w, https:\/\/humanosh.org\/wp-content\/uploads\/2026\/08\/Slawa-z-Hela-Frey-1050x1536.jpg 1050w, https:\/\/humanosh.org\/wp-content\/uploads\/2026\/08\/Slawa-z-Hela-Frey-1400x2048.jpg 1400w, https:\/\/humanosh.org\/wp-content\/uploads\/2026\/08\/Slawa-z-Hela-Frey-8x12.jpg 8w, https:\/\/humanosh.org\/wp-content\/uploads\/2026\/08\/Slawa-z-Hela-Frey.jpg 1750w\" sizes=\"(max-width: 700px) 100vw, 700px\" \/><figcaption class=\"wp-element-caption\">S\u0142awa z Helen\u0105 Frey<\/figcaption><\/figure>\n\n\n\n<figure class=\"wp-block-image size-large\"><img decoding=\"async\" width=\"1000\" height=\"648\" fetchpriority=\"low\" data-id=\"1014\" src=\"https:\/\/humanosh.org\/wp-content\/uploads\/2026\/08\/Halina-Frey-ze-Slawa-Majorka.jpg\" alt=\"Helena Frey ze S\u0142aw\u0105, Majorka\" class=\"wp-image-1014\" style=\"aspect-ratio:1\" srcset=\"https:\/\/humanosh.org\/wp-content\/uploads\/2026\/08\/Halina-Frey-ze-Slawa-Majorka.jpg 1000w, https:\/\/humanosh.org\/wp-content\/uploads\/2026\/08\/Halina-Frey-ze-Slawa-Majorka-300x194.jpg 300w, https:\/\/humanosh.org\/wp-content\/uploads\/2026\/08\/Halina-Frey-ze-Slawa-Majorka-768x498.jpg 768w, https:\/\/humanosh.org\/wp-content\/uploads\/2026\/08\/Halina-Frey-ze-Slawa-Majorka-18x12.jpg 18w\" sizes=\"(max-width: 1000px) 100vw, 1000px\" \/><figcaption class=\"wp-element-caption\">Helena Frey ze S\u0142aw\u0105, Majorka<\/figcaption><\/figure>\n\n\n\n<figure class=\"wp-block-image size-large\"><img decoding=\"async\" width=\"1024\" height=\"733\" fetchpriority=\"low\" data-id=\"1018\" src=\"https:\/\/humanosh.org\/wp-content\/uploads\/2026\/08\/Kartka-od-Heli-Frey-do-Slawy-1024x733.jpg\" alt=\"Poczt\u00f3wka od Heleny do S\u0142awy\" class=\"wp-image-1018\" style=\"aspect-ratio:1\" srcset=\"https:\/\/humanosh.org\/wp-content\/uploads\/2026\/08\/Kartka-od-Heli-Frey-do-Slawy-1024x733.jpg 1024w, https:\/\/humanosh.org\/wp-content\/uploads\/2026\/08\/Kartka-od-Heli-Frey-do-Slawy-300x215.jpg 300w, https:\/\/humanosh.org\/wp-content\/uploads\/2026\/08\/Kartka-od-Heli-Frey-do-Slawy-768x550.jpg 768w, https:\/\/humanosh.org\/wp-content\/uploads\/2026\/08\/Kartka-od-Heli-Frey-do-Slawy-1536x1100.jpg 1536w, https:\/\/humanosh.org\/wp-content\/uploads\/2026\/08\/Kartka-od-Heli-Frey-do-Slawy-2048x1466.jpg 2048w, https:\/\/humanosh.org\/wp-content\/uploads\/2026\/08\/Kartka-od-Heli-Frey-do-Slawy-18x12.jpg 18w\" sizes=\"(max-width: 1024px) 100vw, 1024px\" \/><figcaption class=\"wp-element-caption\">Poczt\u00f3wka od Heleny do S\u0142awy<\/figcaption><\/figure>\n\n\n\n<figure class=\"wp-block-image size-large\"><img decoding=\"async\" width=\"1024\" height=\"727\" fetchpriority=\"low\" data-id=\"1019\" src=\"https:\/\/humanosh.org\/wp-content\/uploads\/2026\/08\/Kartka-od-Heli-smierc-Toldzika-1024x727.jpg\" alt=\"Kartka od Heleny do S\u0142awy informuj\u0105ca o \u015bmierci Bertolda\" class=\"wp-image-1019\" style=\"aspect-ratio:1\" srcset=\"https:\/\/humanosh.org\/wp-content\/uploads\/2026\/08\/Kartka-od-Heli-smierc-Toldzika-1024x727.jpg 1024w, https:\/\/humanosh.org\/wp-content\/uploads\/2026\/08\/Kartka-od-Heli-smierc-Toldzika-300x213.jpg 300w, https:\/\/humanosh.org\/wp-content\/uploads\/2026\/08\/Kartka-od-Heli-smierc-Toldzika-768x545.jpg 768w, https:\/\/humanosh.org\/wp-content\/uploads\/2026\/08\/Kartka-od-Heli-smierc-Toldzika-1536x1090.jpg 1536w, https:\/\/humanosh.org\/wp-content\/uploads\/2026\/08\/Kartka-od-Heli-smierc-Toldzika-2048x1454.jpg 2048w, https:\/\/humanosh.org\/wp-content\/uploads\/2026\/08\/Kartka-od-Heli-smierc-Toldzika-18x12.jpg 18w\" sizes=\"(max-width: 1024px) 100vw, 1024px\" \/><figcaption class=\"wp-element-caption\">Kartka od Heleny do S\u0142awy informuj\u0105ca o \u015bmierci Bertolda<\/figcaption><\/figure>\n\n\n\n<figure class=\"wp-block-image size-large\"><img decoding=\"async\" width=\"1024\" height=\"728\" fetchpriority=\"low\" data-id=\"1011\" src=\"https:\/\/humanosh.org\/wp-content\/uploads\/2026\/08\/Zawiadomienie-o-smierci-Heli-od-Jurka-1988-1024x728.jpg\" alt=\"Zawiadomienie o \u015bmierci Heleny Frey, 1988\" class=\"wp-image-1011\" style=\"aspect-ratio:1\" srcset=\"https:\/\/humanosh.org\/wp-content\/uploads\/2026\/08\/Zawiadomienie-o-smierci-Heli-od-Jurka-1988-1024x728.jpg 1024w, https:\/\/humanosh.org\/wp-content\/uploads\/2026\/08\/Zawiadomienie-o-smierci-Heli-od-Jurka-1988-300x213.jpg 300w, https:\/\/humanosh.org\/wp-content\/uploads\/2026\/08\/Zawiadomienie-o-smierci-Heli-od-Jurka-1988-768x546.jpg 768w, https:\/\/humanosh.org\/wp-content\/uploads\/2026\/08\/Zawiadomienie-o-smierci-Heli-od-Jurka-1988-1536x1093.jpg 1536w, https:\/\/humanosh.org\/wp-content\/uploads\/2026\/08\/Zawiadomienie-o-smierci-Heli-od-Jurka-1988-2048x1457.jpg 2048w, https:\/\/humanosh.org\/wp-content\/uploads\/2026\/08\/Zawiadomienie-o-smierci-Heli-od-Jurka-1988-18x12.jpg 18w\" sizes=\"(max-width: 1024px) 100vw, 1024px\" \/><figcaption class=\"wp-element-caption\">Zawiadomienie o \u015bmierci Heleny Frey, 1988<\/figcaption><\/figure>\n\n\n\n<figure class=\"wp-block-image size-large\"><img decoding=\"async\" width=\"686\" height=\"1024\" fetchpriority=\"low\" data-id=\"1017\" src=\"https:\/\/humanosh.org\/wp-content\/uploads\/2026\/08\/Jurek-Frey-syn-Haliny-i-Bertolda-Niemcy-3-686x1024.jpg\" alt=\"Jurek, syn Heleny i Bertolda\" class=\"wp-image-1017\" style=\"aspect-ratio:1\" srcset=\"https:\/\/humanosh.org\/wp-content\/uploads\/2026\/08\/Jurek-Frey-syn-Haliny-i-Bertolda-Niemcy-3-686x1024.jpg 686w, https:\/\/humanosh.org\/wp-content\/uploads\/2026\/08\/Jurek-Frey-syn-Haliny-i-Bertolda-Niemcy-3-201x300.jpg 201w, https:\/\/humanosh.org\/wp-content\/uploads\/2026\/08\/Jurek-Frey-syn-Haliny-i-Bertolda-Niemcy-3-768x1147.jpg 768w, https:\/\/humanosh.org\/wp-content\/uploads\/2026\/08\/Jurek-Frey-syn-Haliny-i-Bertolda-Niemcy-3-8x12.jpg 8w, https:\/\/humanosh.org\/wp-content\/uploads\/2026\/08\/Jurek-Frey-syn-Haliny-i-Bertolda-Niemcy-3.jpg 1000w\" sizes=\"(max-width: 686px) 100vw, 686px\" \/><figcaption class=\"wp-element-caption\">Jurek, syn Heleny i Bertolda<\/figcaption><\/figure>\n\n\n\n<figure class=\"wp-block-image size-large\"><img decoding=\"async\" width=\"1000\" height=\"701\" fetchpriority=\"low\" data-id=\"1015\" src=\"https:\/\/humanosh.org\/wp-content\/uploads\/2026\/08\/Jurek-Frey-syn-Haliny-i-Bertolda-Niemcy.jpg\" alt=\"Jurek, syn Heleny i Bertolda\" class=\"wp-image-1015\" style=\"aspect-ratio:1\" srcset=\"https:\/\/humanosh.org\/wp-content\/uploads\/2026\/08\/Jurek-Frey-syn-Haliny-i-Bertolda-Niemcy.jpg 1000w, https:\/\/humanosh.org\/wp-content\/uploads\/2026\/08\/Jurek-Frey-syn-Haliny-i-Bertolda-Niemcy-300x210.jpg 300w, https:\/\/humanosh.org\/wp-content\/uploads\/2026\/08\/Jurek-Frey-syn-Haliny-i-Bertolda-Niemcy-768x538.jpg 768w, https:\/\/humanosh.org\/wp-content\/uploads\/2026\/08\/Jurek-Frey-syn-Haliny-i-Bertolda-Niemcy-18x12.jpg 18w\" sizes=\"(max-width: 1000px) 100vw, 1000px\" \/><figcaption class=\"wp-element-caption\">Jurek, syn Heleny i Bertolda<\/figcaption><\/figure>\n\n\n\n<figure class=\"wp-block-image size-large\"><img decoding=\"async\" width=\"1000\" height=\"686\" fetchpriority=\"low\" data-id=\"1012\" src=\"https:\/\/humanosh.org\/wp-content\/uploads\/2026\/08\/Bertold-i-Halina-Frey-ze-Slawa-Niemcy.jpg\" alt=\"Bertold i Helena Frey ze S\u0142aw\u0105\" class=\"wp-image-1012\" style=\"aspect-ratio:1\" srcset=\"https:\/\/humanosh.org\/wp-content\/uploads\/2026\/08\/Bertold-i-Halina-Frey-ze-Slawa-Niemcy.jpg 1000w, https:\/\/humanosh.org\/wp-content\/uploads\/2026\/08\/Bertold-i-Halina-Frey-ze-Slawa-Niemcy-300x206.jpg 300w, https:\/\/humanosh.org\/wp-content\/uploads\/2026\/08\/Bertold-i-Halina-Frey-ze-Slawa-Niemcy-768x527.jpg 768w, https:\/\/humanosh.org\/wp-content\/uploads\/2026\/08\/Bertold-i-Halina-Frey-ze-Slawa-Niemcy-18x12.jpg 18w\" sizes=\"(max-width: 1000px) 100vw, 1000px\" \/><figcaption class=\"wp-element-caption\">Bertold i Helena Frey ze S\u0142aw\u0105<\/figcaption><\/figure>\n<\/figure>\n<\/div>\n<\/div>\n\n\n\n<div data-wp-class--is-open=\"state.isOpen\" data-wp-context=\"{ &quot;id&quot;: &quot;accordion-item-10&quot;, &quot;openByDefault&quot;: false }\" data-wp-init=\"callbacks.initAccordionItems\" data-wp-on-window--hashchange=\"callbacks.hashChange\" class=\"wp-block-accordion-item is-layout-flow wp-block-accordion-item-is-layout-flow\">\n<h3 class=\"wp-block-accordion-heading has-icon has-icon-right\"><button aria-expanded=\"false\" aria-controls=\"accordion-item-10-panel\" data-wp-bind--aria-expanded=\"state.isOpen\" data-wp-on--click=\"actions.toggle\" id=\"accordion-item-10\" type=\"button\" class=\"wp-block-accordion-heading__toggle\"><span class=\"wp-block-accordion-heading__toggle-title\">Rodzina Herzig<\/span><span class=\"wp-block-accordion-heading__toggle-icon\" aria-hidden=\"true\">+<\/span><\/button><\/h3>\n\n\n\n<div aria-labelledby=\"accordion-item-10\" data-wp-bind--hidden=\"state.isHidden\" data-wp-on--beforematch=\"actions.handleBeforeMatch\" id=\"accordion-item-10-panel\" role=\"region\" class=\"wp-block-accordion-panel is-layout-flow wp-block-accordion-panel-is-layout-flow\">\n<p class=\"has-oswald-font-family wp-block-paragraph\" style=\"text-transform:uppercase\">21. Zygmunt Herzig<br>22. Eugenia Herzig<br>23. Izydor Herzig<br>24. Ludka Herzig<\/p>\n\n\n\n<p class=\"wp-block-paragraph\">Zygmunt Herzig, m\u0105\u017c Eugenii z domu Sztok (siostry Wolfa Sztoka), uratowa\u0142 swojego brata Izydora, wyci\u0105gaj\u0105c go niemal spod poci\u0105gu jad\u0105cego do obozu koncentracyjnego, i wprowadzi\u0142 go do piwnicy. \u017bona Izydora zgin\u0119\u0142a, zanim&#8230;<\/p>\n\n\n\n<p class=\"wp-block-paragraph\"><a href=\"https:\/\/humanosh.org\/en\/historia-rodziny-herzig\/\" data-type=\"page\" data-id=\"1092\">Przeczytaj wi\u0119cej<\/a><\/p>\n<\/div>\n<\/div>\n\n\n\n<div data-wp-class--is-open=\"state.isOpen\" data-wp-context=\"{ &quot;id&quot;: &quot;accordion-item-11&quot;, &quot;openByDefault&quot;: false }\" data-wp-init=\"callbacks.initAccordionItems\" data-wp-on-window--hashchange=\"callbacks.hashChange\" class=\"wp-block-accordion-item is-layout-flow wp-block-accordion-item-is-layout-flow\">\n<h3 class=\"wp-block-accordion-heading has-icon has-icon-right\"><button aria-expanded=\"false\" aria-controls=\"accordion-item-11-panel\" data-wp-bind--aria-expanded=\"state.isOpen\" data-wp-on--click=\"actions.toggle\" id=\"accordion-item-11\" type=\"button\" class=\"wp-block-accordion-heading__toggle\"><span class=\"wp-block-accordion-heading__toggle-title\">Rodzina Mischel<\/span><span class=\"wp-block-accordion-heading__toggle-icon\" aria-hidden=\"true\">+<\/span><\/button><\/h3>\n\n\n\n<div aria-labelledby=\"accordion-item-11\" data-wp-bind--hidden=\"state.isHidden\" data-wp-on--beforematch=\"actions.handleBeforeMatch\" id=\"accordion-item-11-panel\" role=\"region\" class=\"wp-block-accordion-panel is-layout-flow wp-block-accordion-panel-is-layout-flow\">\n<p class=\"has-oswald-font-family wp-block-paragraph\" style=\"text-transform:uppercase\">25. Dr. Leon Mischel<br>26. Berta Mischel<br>27. Dr. Samuel Mischel<br>28. Helena Mischel<br>29. Janina Mischel<\/p>\n\n\n\n<p class=\"wp-block-paragraph\">Bracia, doktor Leon i doktor Samuel Mischel ukrywali si\u0119 razem ze swoimi rodzinami. \u017bona Leona, Berta, zmar\u0142a po wojnie w Buffalo w stanie Nowy Jork. Samuel nie doczeka\u0142 emigracji, zmar\u0142 w Drohobyczu&#8230;<\/p>\n\n\n\n<p class=\"wp-block-paragraph\"><a href=\"https:\/\/humanosh.org\/en\/historia-rodziny-mischel\/\" data-type=\"page\" data-id=\"1130\">Przeczytaj wi\u0119cej<\/a><\/p>\n<\/div>\n<\/div>\n\n\n\n<div data-wp-class--is-open=\"state.isOpen\" data-wp-context=\"{ &quot;id&quot;: &quot;accordion-item-12&quot;, &quot;openByDefault&quot;: false }\" data-wp-init=\"callbacks.initAccordionItems\" data-wp-on-window--hashchange=\"callbacks.hashChange\" class=\"wp-block-accordion-item is-layout-flow wp-block-accordion-item-is-layout-flow\">\n<h3 class=\"wp-block-accordion-heading has-icon has-icon-right\"><button aria-expanded=\"false\" aria-controls=\"accordion-item-12-panel\" data-wp-bind--aria-expanded=\"state.isOpen\" data-wp-on--click=\"actions.toggle\" id=\"accordion-item-12\" type=\"button\" class=\"wp-block-accordion-heading__toggle\"><span class=\"wp-block-accordion-heading__toggle-title\">Jakub i Elza Zobel<\/span><span class=\"wp-block-accordion-heading__toggle-icon\" aria-hidden=\"true\">+<\/span><\/button><\/h3>\n\n\n\n<div aria-labelledby=\"accordion-item-12\" data-wp-bind--hidden=\"state.isHidden\" data-wp-on--beforematch=\"actions.handleBeforeMatch\" id=\"accordion-item-12-panel\" role=\"region\" class=\"wp-block-accordion-panel is-layout-flow wp-block-accordion-panel-is-layout-flow\">\n<p class=\"has-oswald-font-family wp-block-paragraph\" style=\"text-transform:uppercase\">30. Yakub Zobel<br>31. Elza Zobel<\/p>\n\n\n\n<p class=\"wp-block-paragraph\">Jakub Zobel, przyjaciel Elyakima Davida Klinghoffera, i jego \u017cona Elza, utalentowana krawcowa, mieli razem dwie c\u00f3rki. Po wojnie wyjechali najpierw do Izraela, a potem do Kanady.<\/p>\n<\/div>\n<\/div>\n\n\n\n<div data-wp-class--is-open=\"state.isOpen\" data-wp-context=\"{ &quot;id&quot;: &quot;accordion-item-15&quot;, &quot;openByDefault&quot;: false }\" data-wp-init=\"callbacks.initAccordionItems\" data-wp-on-window--hashchange=\"callbacks.hashChange\" class=\"wp-block-accordion-item is-layout-flow wp-block-accordion-item-is-layout-flow\">\n<h3 class=\"wp-block-accordion-heading has-icon has-icon-right\"><button aria-expanded=\"false\" aria-controls=\"accordion-item-15-panel\" data-wp-bind--aria-expanded=\"state.isOpen\" data-wp-on--click=\"actions.toggle\" id=\"accordion-item-15\" type=\"button\" class=\"wp-block-accordion-heading__toggle\"><span class=\"wp-block-accordion-heading__toggle-title\">Rodzina Lind<\/span><span class=\"wp-block-accordion-heading__toggle-icon\" aria-hidden=\"true\">+<\/span><\/button><\/h3>\n\n\n\n<div aria-labelledby=\"accordion-item-15\" data-wp-bind--hidden=\"state.isHidden\" data-wp-on--beforematch=\"actions.handleBeforeMatch\" id=\"accordion-item-15-panel\" role=\"region\" class=\"wp-block-accordion-panel is-layout-flow wp-block-accordion-panel-is-layout-flow\">\n<p class=\"has-oswald-font-family wp-block-paragraph\" style=\"text-transform:uppercase\">32. J\u00f3zef Lind<br>33. Ludwika Lind<br>34. Anna Lind<\/p>\n\n\n\n<p class=\"wp-block-paragraph\">J\u00f3zef i Ludwika Lind ukrywali si\u0119 razem z pi\u0119cio lub sze\u015bcioletni\u0105 c\u00f3rk\u0105 Ann\u0105, t\u0105 sam\u0105 rudow\u0142os\u0105 dziewczynk\u0105, kt\u00f3r\u0105 S\u0142awa jeszcze przed powstaniem kryj\u00f3wki chowa\u0142a, stawiaj\u0105c j\u0105 jawnie w oknie w\u0142asnego mieszkania. Siostra Ludwiki by\u0142a s\u0105siadk\u0105 S\u0142awy jeszcze przed wojn\u0105. Po wyzwoleniu ca\u0142a rodzina wyjecha\u0142a do Australii.<\/p>\n\n\n\n<figure class=\"wp-block-gallery has-nested-images columns-default is-cropped wp-block-gallery-13 is-layout-flex wp-block-gallery-is-layout-flex\">\n<figure class=\"wp-block-image size-large\"><img decoding=\"async\" width=\"1024\" height=\"745\" fetchpriority=\"low\" data-id=\"1137\" src=\"https:\/\/humanosh.org\/wp-content\/uploads\/2026\/09\/Humanosh-historia-rodziny-LIND-1024x745.jpg\" alt=\"\" class=\"wp-image-1137\" srcset=\"https:\/\/humanosh.org\/wp-content\/uploads\/2026\/09\/Humanosh-historia-rodziny-LIND-1024x745.jpg 1024w, https:\/\/humanosh.org\/wp-content\/uploads\/2026\/09\/Humanosh-historia-rodziny-LIND-300x218.jpg 300w, https:\/\/humanosh.org\/wp-content\/uploads\/2026\/09\/Humanosh-historia-rodziny-LIND-768x559.jpg 768w, https:\/\/humanosh.org\/wp-content\/uploads\/2026\/09\/Humanosh-historia-rodziny-LIND-1536x1118.jpg 1536w, https:\/\/humanosh.org\/wp-content\/uploads\/2026\/09\/Humanosh-historia-rodziny-LIND-16x12.jpg 16w, https:\/\/humanosh.org\/wp-content\/uploads\/2026\/09\/Humanosh-historia-rodziny-LIND.jpg 1700w\" sizes=\"(max-width: 1024px) 100vw, 1024px\" \/><\/figure>\n\n\n\n<figure class=\"wp-block-image size-large\"><img decoding=\"async\" width=\"1024\" height=\"707\" fetchpriority=\"low\" data-id=\"1136\" src=\"https:\/\/humanosh.org\/wp-content\/uploads\/2026\/09\/Humanosh-historia-rodziny-LIND-2-1024x707.jpg\" alt=\"\" class=\"wp-image-1136\" srcset=\"https:\/\/humanosh.org\/wp-content\/uploads\/2026\/09\/Humanosh-historia-rodziny-LIND-2-1024x707.jpg 1024w, https:\/\/humanosh.org\/wp-content\/uploads\/2026\/09\/Humanosh-historia-rodziny-LIND-2-300x207.jpg 300w, https:\/\/humanosh.org\/wp-content\/uploads\/2026\/09\/Humanosh-historia-rodziny-LIND-2-768x530.jpg 768w, https:\/\/humanosh.org\/wp-content\/uploads\/2026\/09\/Humanosh-historia-rodziny-LIND-2-1536x1061.jpg 1536w, https:\/\/humanosh.org\/wp-content\/uploads\/2026\/09\/Humanosh-historia-rodziny-LIND-2-18x12.jpg 18w, https:\/\/humanosh.org\/wp-content\/uploads\/2026\/09\/Humanosh-historia-rodziny-LIND-2.jpg 1700w\" sizes=\"(max-width: 1024px) 100vw, 1024px\" \/><\/figure>\n<\/figure>\n\n\n\n<figure class=\"wp-block-gallery has-nested-images columns-default is-cropped wp-block-gallery-14 is-layout-flex wp-block-gallery-is-layout-flex\">\n<figure class=\"wp-block-image size-large\"><img decoding=\"async\" width=\"764\" height=\"1024\" fetchpriority=\"low\" data-id=\"1140\" src=\"https:\/\/humanosh.org\/wp-content\/uploads\/2026\/09\/Ludwika-Lind-764x1024.jpg\" alt=\"Ludwika Lind\" class=\"wp-image-1140\" style=\"aspect-ratio:1\" srcset=\"https:\/\/humanosh.org\/wp-content\/uploads\/2026\/09\/Ludwika-Lind-764x1024.jpg 764w, https:\/\/humanosh.org\/wp-content\/uploads\/2026\/09\/Ludwika-Lind-224x300.jpg 224w, https:\/\/humanosh.org\/wp-content\/uploads\/2026\/09\/Ludwika-Lind-768x1030.jpg 768w, https:\/\/humanosh.org\/wp-content\/uploads\/2026\/09\/Ludwika-Lind-9x12.jpg 9w, https:\/\/humanosh.org\/wp-content\/uploads\/2026\/09\/Ludwika-Lind.jpg 1000w\" sizes=\"(max-width: 764px) 100vw, 764px\" \/><figcaption class=\"wp-element-caption\">Ludwika Lind<\/figcaption><\/figure>\n\n\n\n<figure class=\"wp-block-image size-large\"><img decoding=\"async\" width=\"746\" height=\"1024\" fetchpriority=\"low\" data-id=\"1139\" src=\"https:\/\/humanosh.org\/wp-content\/uploads\/2026\/09\/Kartka-do-Lusi-Lind-746x1024.jpg\" alt=\"Poczt\u00f3wka do Lusi Lind\" class=\"wp-image-1139\" style=\"aspect-ratio:1\" srcset=\"https:\/\/humanosh.org\/wp-content\/uploads\/2026\/09\/Kartka-do-Lusi-Lind-746x1024.jpg 746w, https:\/\/humanosh.org\/wp-content\/uploads\/2026\/09\/Kartka-do-Lusi-Lind-218x300.jpg 218w, https:\/\/humanosh.org\/wp-content\/uploads\/2026\/09\/Kartka-do-Lusi-Lind-768x1055.jpg 768w, https:\/\/humanosh.org\/wp-content\/uploads\/2026\/09\/Kartka-do-Lusi-Lind-1118x1536.jpg 1118w, https:\/\/humanosh.org\/wp-content\/uploads\/2026\/09\/Kartka-do-Lusi-Lind-1491x2048.jpg 1491w, https:\/\/humanosh.org\/wp-content\/uploads\/2026\/09\/Kartka-do-Lusi-Lind-9x12.jpg 9w, https:\/\/humanosh.org\/wp-content\/uploads\/2026\/09\/Kartka-do-Lusi-Lind.jpg 1864w\" sizes=\"(max-width: 746px) 100vw, 746px\" \/><figcaption class=\"wp-element-caption\">Poczt\u00f3wka do Lusi Lind<\/figcaption><\/figure>\n\n\n\n<figure class=\"wp-block-image size-large\"><img decoding=\"async\" width=\"1024\" height=\"660\" fetchpriority=\"low\" data-id=\"1138\" src=\"https:\/\/humanosh.org\/wp-content\/uploads\/2026\/09\/Jozef-Ludwika-Lind-Anne-Ben-Bayer-Sarine-Moise-Bayer.-Wedding-of-Anna-Lind-Australia-1024x660.jpg\" alt=\"J\u00f3zef i Ludwika Lind, Anne i Ben Bayer, Sarine i Moise Bayer\" class=\"wp-image-1138\" style=\"aspect-ratio:1\" srcset=\"https:\/\/humanosh.org\/wp-content\/uploads\/2026\/09\/Jozef-Ludwika-Lind-Anne-Ben-Bayer-Sarine-Moise-Bayer.-Wedding-of-Anna-Lind-Australia-1024x660.jpg 1024w, https:\/\/humanosh.org\/wp-content\/uploads\/2026\/09\/Jozef-Ludwika-Lind-Anne-Ben-Bayer-Sarine-Moise-Bayer.-Wedding-of-Anna-Lind-Australia-300x193.jpg 300w, https:\/\/humanosh.org\/wp-content\/uploads\/2026\/09\/Jozef-Ludwika-Lind-Anne-Ben-Bayer-Sarine-Moise-Bayer.-Wedding-of-Anna-Lind-Australia-768x495.jpg 768w, https:\/\/humanosh.org\/wp-content\/uploads\/2026\/09\/Jozef-Ludwika-Lind-Anne-Ben-Bayer-Sarine-Moise-Bayer.-Wedding-of-Anna-Lind-Australia-18x12.jpg 18w, https:\/\/humanosh.org\/wp-content\/uploads\/2026\/09\/Jozef-Ludwika-Lind-Anne-Ben-Bayer-Sarine-Moise-Bayer.-Wedding-of-Anna-Lind-Australia.jpg 1250w\" sizes=\"(max-width: 1024px) 100vw, 1024px\" \/><figcaption class=\"wp-element-caption\">J\u00f3zef i Ludwika Lind, Anne i Ben Bayer, Sarine i Moise Bayer<\/figcaption><\/figure>\n\n\n\n<figure class=\"wp-block-image size-large\"><img decoding=\"async\" width=\"711\" height=\"1024\" fetchpriority=\"low\" data-id=\"1135\" src=\"https:\/\/humanosh.org\/wp-content\/uploads\/2026\/09\/Aunt-Bertha-died-during-the-war-with-Anna-Lind-1938-711x1024.jpg\" alt=\"Ciotka Berta (zmar\u0142a podczas wojny) z Ann\u0105 Lind, 1938\" class=\"wp-image-1135\" style=\"aspect-ratio:1\" srcset=\"https:\/\/humanosh.org\/wp-content\/uploads\/2026\/09\/Aunt-Bertha-died-during-the-war-with-Anna-Lind-1938-711x1024.jpg 711w, https:\/\/humanosh.org\/wp-content\/uploads\/2026\/09\/Aunt-Bertha-died-during-the-war-with-Anna-Lind-1938-208x300.jpg 208w, https:\/\/humanosh.org\/wp-content\/uploads\/2026\/09\/Aunt-Bertha-died-during-the-war-with-Anna-Lind-1938-768x1106.jpg 768w, https:\/\/humanosh.org\/wp-content\/uploads\/2026\/09\/Aunt-Bertha-died-during-the-war-with-Anna-Lind-1938-8x12.jpg 8w, https:\/\/humanosh.org\/wp-content\/uploads\/2026\/09\/Aunt-Bertha-died-during-the-war-with-Anna-Lind-1938.jpg 1000w\" sizes=\"(max-width: 711px) 100vw, 711px\" \/><figcaption class=\"wp-element-caption\">Ciotka Berta (zmar\u0142a podczas wojny) z Ann\u0105 Lind, 1938<\/figcaption><\/figure>\n\n\n\n<figure class=\"wp-block-image size-large\"><img decoding=\"async\" width=\"750\" height=\"1015\" fetchpriority=\"low\" data-id=\"1134\" src=\"https:\/\/humanosh.org\/wp-content\/uploads\/2026\/09\/Anna-Lind.jpg\" alt=\"Anna Lind\" class=\"wp-image-1134\" style=\"aspect-ratio:1\" srcset=\"https:\/\/humanosh.org\/wp-content\/uploads\/2026\/09\/Anna-Lind.jpg 750w, https:\/\/humanosh.org\/wp-content\/uploads\/2026\/09\/Anna-Lind-222x300.jpg 222w, https:\/\/humanosh.org\/wp-content\/uploads\/2026\/09\/Anna-Lind-9x12.jpg 9w\" sizes=\"(max-width: 750px) 100vw, 750px\" \/><figcaption class=\"wp-element-caption\">Anna Lind<\/figcaption><\/figure>\n\n\n\n<figure class=\"wp-block-image size-large\"><img decoding=\"async\" width=\"1000\" height=\"661\" fetchpriority=\"low\" data-id=\"1133\" src=\"https:\/\/humanosh.org\/wp-content\/uploads\/2026\/09\/Anna-Lind-Australia.jpg\" alt=\"Anna Lind w Australii\" class=\"wp-image-1133\" style=\"aspect-ratio:1\" srcset=\"https:\/\/humanosh.org\/wp-content\/uploads\/2026\/09\/Anna-Lind-Australia.jpg 1000w, https:\/\/humanosh.org\/wp-content\/uploads\/2026\/09\/Anna-Lind-Australia-300x198.jpg 300w, https:\/\/humanosh.org\/wp-content\/uploads\/2026\/09\/Anna-Lind-Australia-768x508.jpg 768w, https:\/\/humanosh.org\/wp-content\/uploads\/2026\/09\/Anna-Lind-Australia-18x12.jpg 18w\" sizes=\"(max-width: 1000px) 100vw, 1000px\" \/><figcaption class=\"wp-element-caption\">Anna Lind w Australii<\/figcaption><\/figure>\n\n\n\n<figure class=\"wp-block-image size-large\"><img decoding=\"async\" width=\"1024\" height=\"651\" fetchpriority=\"low\" data-id=\"1132\" src=\"https:\/\/humanosh.org\/wp-content\/uploads\/2026\/09\/Adam-Jacquie-Anna-Linds-daughter-Romi-Josh-Phil-Lerner-1024x651.jpg\" alt=\"Adam, Jaquie (c\u00f3rka Anny Lind), Romi, Josh i Phil Lerner\" class=\"wp-image-1132\" style=\"aspect-ratio:1\" srcset=\"https:\/\/humanosh.org\/wp-content\/uploads\/2026\/09\/Adam-Jacquie-Anna-Linds-daughter-Romi-Josh-Phil-Lerner-1024x651.jpg 1024w, https:\/\/humanosh.org\/wp-content\/uploads\/2026\/09\/Adam-Jacquie-Anna-Linds-daughter-Romi-Josh-Phil-Lerner-300x191.jpg 300w, https:\/\/humanosh.org\/wp-content\/uploads\/2026\/09\/Adam-Jacquie-Anna-Linds-daughter-Romi-Josh-Phil-Lerner-768x488.jpg 768w, https:\/\/humanosh.org\/wp-content\/uploads\/2026\/09\/Adam-Jacquie-Anna-Linds-daughter-Romi-Josh-Phil-Lerner-18x12.jpg 18w, https:\/\/humanosh.org\/wp-content\/uploads\/2026\/09\/Adam-Jacquie-Anna-Linds-daughter-Romi-Josh-Phil-Lerner.jpg 1250w\" sizes=\"(max-width: 1024px) 100vw, 1024px\" \/><figcaption class=\"wp-element-caption\">Adam, Jaquie (c\u00f3rka Anny Lind), Romi, Josh i Phil Lerner<\/figcaption><\/figure>\n<\/figure>\n<\/div>\n<\/div>\n\n\n\n<div data-wp-class--is-open=\"state.isOpen\" data-wp-context=\"{ &quot;id&quot;: &quot;accordion-item-17&quot;, &quot;openByDefault&quot;: false }\" data-wp-init=\"callbacks.initAccordionItems\" data-wp-on-window--hashchange=\"callbacks.hashChange\" class=\"wp-block-accordion-item is-layout-flow wp-block-accordion-item-is-layout-flow\">\n<h3 class=\"wp-block-accordion-heading has-icon has-icon-right\"><button aria-expanded=\"false\" aria-controls=\"accordion-item-17-panel\" data-wp-bind--aria-expanded=\"state.isOpen\" data-wp-on--click=\"actions.toggle\" id=\"accordion-item-17\" type=\"button\" class=\"wp-block-accordion-heading__toggle\"><span class=\"wp-block-accordion-heading__toggle-title\">Tecia Winkler<\/span><span class=\"wp-block-accordion-heading__toggle-icon\" aria-hidden=\"true\">+<\/span><\/button><\/h3>\n\n\n\n<div aria-labelledby=\"accordion-item-17\" data-wp-bind--hidden=\"state.isHidden\" data-wp-on--beforematch=\"actions.handleBeforeMatch\" id=\"accordion-item-17-panel\" role=\"region\" class=\"wp-block-accordion-panel is-layout-flow wp-block-accordion-panel-is-layout-flow\">\n<p class=\"has-oswald-font-family wp-block-paragraph\" style=\"text-transform:uppercase\">35. Tecia Winkler<\/p>\n\n\n\n<p class=\"wp-block-paragraph\">Podczas okupacji by\u0142a niezam\u0119\u017cna. Po wojnie wyjecha\u0142a do Chrzanowa, wysz\u0142a za Polaka i przyj\u0119\u0142a nazwisko Korczy\u0144ska.<\/p>\n\n\n\n<figure class=\"wp-block-gallery has-nested-images columns-default is-cropped wp-block-gallery-16 is-layout-flex wp-block-gallery-is-layout-flex\">\n<figure class=\"wp-block-image size-large\"><img decoding=\"async\" width=\"240\" height=\"150\" fetchpriority=\"low\" data-id=\"1146\" src=\"https:\/\/humanosh.org\/wp-content\/uploads\/2026\/09\/Tecia-Winkler.jpeg\" alt=\"\" class=\"wp-image-1146\" style=\"aspect-ratio:1\" srcset=\"https:\/\/humanosh.org\/wp-content\/uploads\/2026\/09\/Tecia-Winkler.jpeg 240w, https:\/\/humanosh.org\/wp-content\/uploads\/2026\/09\/Tecia-Winkler-18x12.jpeg 18w\" sizes=\"(max-width: 240px) 100vw, 240px\" \/><\/figure>\n\n\n\n<figure class=\"wp-block-image size-large\"><img decoding=\"async\" width=\"330\" height=\"488\" fetchpriority=\"low\" data-id=\"1145\" src=\"https:\/\/humanosh.org\/wp-content\/uploads\/2026\/09\/Tecia-Winkler-5.jpeg\" alt=\"\" class=\"wp-image-1145\" style=\"aspect-ratio:1\" srcset=\"https:\/\/humanosh.org\/wp-content\/uploads\/2026\/09\/Tecia-Winkler-5.jpeg 330w, https:\/\/humanosh.org\/wp-content\/uploads\/2026\/09\/Tecia-Winkler-5-203x300.jpeg 203w, https:\/\/humanosh.org\/wp-content\/uploads\/2026\/09\/Tecia-Winkler-5-8x12.jpeg 8w\" sizes=\"(max-width: 330px) 100vw, 330px\" \/><\/figure>\n\n\n\n<figure class=\"wp-block-image size-large\"><img decoding=\"async\" width=\"404\" height=\"518\" fetchpriority=\"low\" data-id=\"1144\" src=\"https:\/\/humanosh.org\/wp-content\/uploads\/2026\/09\/Tecia-Winkler-4.jpeg\" alt=\"\" class=\"wp-image-1144\" style=\"aspect-ratio:1\" srcset=\"https:\/\/humanosh.org\/wp-content\/uploads\/2026\/09\/Tecia-Winkler-4.jpeg 404w, https:\/\/humanosh.org\/wp-content\/uploads\/2026\/09\/Tecia-Winkler-4-234x300.jpeg 234w, https:\/\/humanosh.org\/wp-content\/uploads\/2026\/09\/Tecia-Winkler-4-9x12.jpeg 9w\" sizes=\"(max-width: 404px) 100vw, 404px\" \/><\/figure>\n\n\n\n<figure class=\"wp-block-image size-large\"><img decoding=\"async\" width=\"300\" height=\"459\" fetchpriority=\"low\" data-id=\"1143\" src=\"https:\/\/humanosh.org\/wp-content\/uploads\/2026\/09\/Tecia-Winkler-3.jpeg\" alt=\"\" class=\"wp-image-1143\" style=\"aspect-ratio:1\" srcset=\"https:\/\/humanosh.org\/wp-content\/uploads\/2026\/09\/Tecia-Winkler-3.jpeg 300w, https:\/\/humanosh.org\/wp-content\/uploads\/2026\/09\/Tecia-Winkler-3-196x300.jpeg 196w, https:\/\/humanosh.org\/wp-content\/uploads\/2026\/09\/Tecia-Winkler-3-8x12.jpeg 8w\" sizes=\"(max-width: 300px) 100vw, 300px\" \/><\/figure>\n\n\n\n<figure class=\"wp-block-image size-large\"><img decoding=\"async\" width=\"1000\" height=\"750\" fetchpriority=\"low\" data-id=\"1142\" src=\"https:\/\/humanosh.org\/wp-content\/uploads\/2026\/09\/Tecia-Winkler-2.jpeg\" alt=\"\" class=\"wp-image-1142\" style=\"aspect-ratio:1\" srcset=\"https:\/\/humanosh.org\/wp-content\/uploads\/2026\/09\/Tecia-Winkler-2.jpeg 1000w, https:\/\/humanosh.org\/wp-content\/uploads\/2026\/09\/Tecia-Winkler-2-300x225.jpeg 300w, https:\/\/humanosh.org\/wp-content\/uploads\/2026\/09\/Tecia-Winkler-2-768x576.jpeg 768w, https:\/\/humanosh.org\/wp-content\/uploads\/2026\/09\/Tecia-Winkler-2-16x12.jpeg 16w\" sizes=\"(max-width: 1000px) 100vw, 1000px\" \/><\/figure>\n<\/figure>\n<\/div>\n<\/div>\n\n\n\n<div data-wp-class--is-open=\"state.isOpen\" data-wp-context=\"{ &quot;id&quot;: &quot;accordion-item-18&quot;, &quot;openByDefault&quot;: false }\" data-wp-init=\"callbacks.initAccordionItems\" data-wp-on-window--hashchange=\"callbacks.hashChange\" class=\"wp-block-accordion-item is-layout-flow wp-block-accordion-item-is-layout-flow\">\n<h3 class=\"wp-block-accordion-heading has-icon has-icon-right\"><button aria-expanded=\"false\" aria-controls=\"accordion-item-18-panel\" data-wp-bind--aria-expanded=\"state.isOpen\" data-wp-on--click=\"actions.toggle\" id=\"accordion-item-18\" type=\"button\" class=\"wp-block-accordion-heading__toggle\"><span class=\"wp-block-accordion-heading__toggle-title\">Prof. Joseph Reinhold<\/span><span class=\"wp-block-accordion-heading__toggle-icon\" aria-hidden=\"true\">+<\/span><\/button><\/h3>\n\n\n\n<div aria-labelledby=\"accordion-item-18\" data-wp-bind--hidden=\"state.isHidden\" data-wp-on--beforematch=\"actions.handleBeforeMatch\" id=\"accordion-item-18-panel\" role=\"region\" class=\"wp-block-accordion-panel is-layout-flow wp-block-accordion-panel-is-layout-flow\">\n<p class=\"has-oswald-font-family wp-block-paragraph\" style=\"text-transform:uppercase\">36. Prof. Joseph Reinhold<\/p>\n\n\n\n<p class=\"wp-block-paragraph\">Kardiolog i psychiatra, podczas okupacji kawaler. Po wojnie zajmowa\u0142 si\u0119 rozwojem kurort\u00f3w uzdrowiskowych w Truskawcu i Jeseniku. Zmar\u0142 na atak serca 3 listopada 1947 roku w Jeseniku.<\/p>\n<\/div>\n<\/div>\n\n\n\n<div data-wp-class--is-open=\"state.isOpen\" data-wp-context=\"{ &quot;id&quot;: &quot;accordion-item-20&quot;, &quot;openByDefault&quot;: false }\" data-wp-init=\"callbacks.initAccordionItems\" data-wp-on-window--hashchange=\"callbacks.hashChange\" class=\"wp-block-accordion-item is-layout-flow wp-block-accordion-item-is-layout-flow\">\n<h3 class=\"wp-block-accordion-heading has-icon has-icon-right\"><button aria-expanded=\"false\" aria-controls=\"accordion-item-20-panel\" data-wp-bind--aria-expanded=\"state.isOpen\" data-wp-on--click=\"actions.toggle\" id=\"accordion-item-20\" type=\"button\" class=\"wp-block-accordion-heading__toggle\"><span class=\"wp-block-accordion-heading__toggle-title\">Rodzina Tepper<\/span><span class=\"wp-block-accordion-heading__toggle-icon\" aria-hidden=\"true\">+<\/span><\/button><\/h3>\n\n\n\n<div aria-labelledby=\"accordion-item-20\" data-wp-bind--hidden=\"state.isHidden\" data-wp-on--beforematch=\"actions.handleBeforeMatch\" id=\"accordion-item-20-panel\" role=\"region\" class=\"wp-block-accordion-panel is-layout-flow wp-block-accordion-panel-is-layout-flow\">\n<p class=\"has-oswald-font-family wp-block-paragraph\" style=\"text-transform:uppercase\">37. Maksymilian Tepper<br>38. Halina Tepper<br>39. Julian Tepper<\/p>\n\n\n\n<p class=\"wp-block-paragraph\">Maksymilian i Halina Tepper ukrywali si\u0119 razem z synem Julianem, kt\u00f3ry mia\u0142 wtedy oko\u0142o dwunastu lat. Po wojnie ca\u0142a tr\u00f3jka, razem ze S\u0142aw\u0105 i Izydorem, przenios\u0142a si\u0119 do Wroc\u0142awia. Halina utrzymywa\u0142a kontakt ze S\u0142aw\u0105 do ko\u0144ca \u017cycia. W 1968 roku ca\u0142a rodzina wyemigrowa\u0142a do Kanady, gdzie Julian o\u017ceni\u0142 si\u0119 z Millicent. Maj\u0105 dwoje dzieci, Michaela i Tracy, i mieszkaj\u0105 w Toronto.<\/p>\n\n\n\n<figure class=\"wp-block-gallery has-nested-images columns-default is-cropped wp-block-gallery-19 is-layout-flex wp-block-gallery-is-layout-flex\">\n<figure class=\"wp-block-image size-large\"><img decoding=\"async\" width=\"1024\" height=\"682\" fetchpriority=\"low\" data-id=\"1157\" src=\"https:\/\/humanosh.org\/wp-content\/uploads\/2026\/09\/Tracey-corkaHaliny-i-Juliana-1024x682.jpg\" alt=\"Tracey (c\u00f3rka Haliny i Juliana)\" class=\"wp-image-1157\" style=\"aspect-ratio:1\" srcset=\"https:\/\/humanosh.org\/wp-content\/uploads\/2026\/09\/Tracey-corkaHaliny-i-Juliana-1024x682.jpg 1024w, https:\/\/humanosh.org\/wp-content\/uploads\/2026\/09\/Tracey-corkaHaliny-i-Juliana-300x200.jpg 300w, https:\/\/humanosh.org\/wp-content\/uploads\/2026\/09\/Tracey-corkaHaliny-i-Juliana-768x512.jpg 768w, https:\/\/humanosh.org\/wp-content\/uploads\/2026\/09\/Tracey-corkaHaliny-i-Juliana-18x12.jpg 18w, https:\/\/humanosh.org\/wp-content\/uploads\/2026\/09\/Tracey-corkaHaliny-i-Juliana.jpg 1250w\" sizes=\"(max-width: 1024px) 100vw, 1024px\" \/><figcaption class=\"wp-element-caption\">Tracey (c\u00f3rka Haliny i Juliana)<\/figcaption><\/figure>\n\n\n\n<figure class=\"wp-block-image size-large\"><img decoding=\"async\" width=\"1000\" height=\"682\" fetchpriority=\"low\" data-id=\"1156\" src=\"https:\/\/humanosh.org\/wp-content\/uploads\/2026\/09\/Slawa-z-Tracey-corka-Haliny-i-Juliana-Kanada-1982.jpg\" alt=\"S\u0142awa z Tracey (c\u00f3rk\u0105 Haliny i Juliana), Kanada, 1982\" class=\"wp-image-1156\" style=\"aspect-ratio:1\" srcset=\"https:\/\/humanosh.org\/wp-content\/uploads\/2026\/09\/Slawa-z-Tracey-corka-Haliny-i-Juliana-Kanada-1982.jpg 1000w, https:\/\/humanosh.org\/wp-content\/uploads\/2026\/09\/Slawa-z-Tracey-corka-Haliny-i-Juliana-Kanada-1982-300x205.jpg 300w, https:\/\/humanosh.org\/wp-content\/uploads\/2026\/09\/Slawa-z-Tracey-corka-Haliny-i-Juliana-Kanada-1982-768x524.jpg 768w, https:\/\/humanosh.org\/wp-content\/uploads\/2026\/09\/Slawa-z-Tracey-corka-Haliny-i-Juliana-Kanada-1982-18x12.jpg 18w\" sizes=\"(max-width: 1000px) 100vw, 1000px\" \/><figcaption class=\"wp-element-caption\">S\u0142awa z Tracey (c\u00f3rk\u0105 Haliny i<br>Juliana), Kanada, 1982<\/figcaption><\/figure>\n\n\n\n<figure class=\"wp-block-image size-large\"><img decoding=\"async\" width=\"1024\" height=\"680\" fetchpriority=\"low\" data-id=\"1155\" src=\"https:\/\/humanosh.org\/wp-content\/uploads\/2026\/09\/Milicent-Tepper-zona-Juliana-z-wnukiem-1024x680.jpg\" alt=\"Milicent Tepper (\u017cona Juliana) z wnukiem\" class=\"wp-image-1155\" style=\"aspect-ratio:1\" srcset=\"https:\/\/humanosh.org\/wp-content\/uploads\/2026\/09\/Milicent-Tepper-zona-Juliana-z-wnukiem-1024x680.jpg 1024w, https:\/\/humanosh.org\/wp-content\/uploads\/2026\/09\/Milicent-Tepper-zona-Juliana-z-wnukiem-300x199.jpg 300w, https:\/\/humanosh.org\/wp-content\/uploads\/2026\/09\/Milicent-Tepper-zona-Juliana-z-wnukiem-768x510.jpg 768w, https:\/\/humanosh.org\/wp-content\/uploads\/2026\/09\/Milicent-Tepper-zona-Juliana-z-wnukiem-18x12.jpg 18w, https:\/\/humanosh.org\/wp-content\/uploads\/2026\/09\/Milicent-Tepper-zona-Juliana-z-wnukiem.jpg 1250w\" sizes=\"(max-width: 1024px) 100vw, 1024px\" \/><figcaption class=\"wp-element-caption\">Milicent Tepper (\u017cona Juliana) z<br>wnukiem<\/figcaption><\/figure>\n\n\n\n<figure class=\"wp-block-image size-large\"><img decoding=\"async\" width=\"1000\" height=\"708\" fetchpriority=\"low\" data-id=\"1154\" src=\"https:\/\/humanosh.org\/wp-content\/uploads\/2026\/09\/Michael-z-Halina-Tepper-Kanada.jpg\" alt=\"Michael z Halin\u0105 Tepper, Kanada\" class=\"wp-image-1154\" style=\"aspect-ratio:1\" srcset=\"https:\/\/humanosh.org\/wp-content\/uploads\/2026\/09\/Michael-z-Halina-Tepper-Kanada.jpg 1000w, https:\/\/humanosh.org\/wp-content\/uploads\/2026\/09\/Michael-z-Halina-Tepper-Kanada-300x212.jpg 300w, https:\/\/humanosh.org\/wp-content\/uploads\/2026\/09\/Michael-z-Halina-Tepper-Kanada-768x544.jpg 768w, https:\/\/humanosh.org\/wp-content\/uploads\/2026\/09\/Michael-z-Halina-Tepper-Kanada-18x12.jpg 18w\" sizes=\"(max-width: 1000px) 100vw, 1000px\" \/><figcaption class=\"wp-element-caption\">Michael z Halin\u0105 Tepper, Kanada<\/figcaption><\/figure>\n\n\n\n<figure class=\"wp-block-image size-large\"><img decoding=\"async\" width=\"709\" height=\"1024\" fetchpriority=\"low\" data-id=\"1153\" src=\"https:\/\/humanosh.org\/wp-content\/uploads\/2026\/09\/Julian-Tepper-709x1024.jpg\" alt=\"Julian Tepper\" class=\"wp-image-1153\" style=\"aspect-ratio:1\" srcset=\"https:\/\/humanosh.org\/wp-content\/uploads\/2026\/09\/Julian-Tepper-709x1024.jpg 709w, https:\/\/humanosh.org\/wp-content\/uploads\/2026\/09\/Julian-Tepper-208x300.jpg 208w, https:\/\/humanosh.org\/wp-content\/uploads\/2026\/09\/Julian-Tepper-768x1109.jpg 768w, https:\/\/humanosh.org\/wp-content\/uploads\/2026\/09\/Julian-Tepper-8x12.jpg 8w, https:\/\/humanosh.org\/wp-content\/uploads\/2026\/09\/Julian-Tepper.jpg 1000w\" sizes=\"(max-width: 709px) 100vw, 709px\" \/><figcaption class=\"wp-element-caption\">Julian Tepper<\/figcaption><\/figure>\n\n\n\n<figure class=\"wp-block-image size-large\"><img decoding=\"async\" width=\"1000\" height=\"661\" fetchpriority=\"low\" data-id=\"1152\" src=\"https:\/\/humanosh.org\/wp-content\/uploads\/2026\/09\/Julian-Tepper-z-wnukiem-synem-Michaela-Kanada.jpg\" alt=\"Julian Tepper z wnukiem (synem Michaela), Kanada\" class=\"wp-image-1152\" style=\"aspect-ratio:1\" srcset=\"https:\/\/humanosh.org\/wp-content\/uploads\/2026\/09\/Julian-Tepper-z-wnukiem-synem-Michaela-Kanada.jpg 1000w, https:\/\/humanosh.org\/wp-content\/uploads\/2026\/09\/Julian-Tepper-z-wnukiem-synem-Michaela-Kanada-300x198.jpg 300w, https:\/\/humanosh.org\/wp-content\/uploads\/2026\/09\/Julian-Tepper-z-wnukiem-synem-Michaela-Kanada-768x508.jpg 768w, https:\/\/humanosh.org\/wp-content\/uploads\/2026\/09\/Julian-Tepper-z-wnukiem-synem-Michaela-Kanada-18x12.jpg 18w\" sizes=\"(max-width: 1000px) 100vw, 1000px\" \/><figcaption class=\"wp-element-caption\">Julian Tepper z wnukiem (synem<br>Michaela), Kanada<\/figcaption><\/figure>\n\n\n\n<figure class=\"wp-block-image size-large\"><img decoding=\"async\" width=\"683\" height=\"1024\" fetchpriority=\"low\" data-id=\"1151\" src=\"https:\/\/humanosh.org\/wp-content\/uploads\/2026\/09\/Julian-Tepper-z-wnukiem-synem-Michaela-Kanada-2-683x1024.jpg\" alt=\"ulian Tepper z wnukiem (synem Michaela), Kanada\" class=\"wp-image-1151\" style=\"aspect-ratio:1\" srcset=\"https:\/\/humanosh.org\/wp-content\/uploads\/2026\/09\/Julian-Tepper-z-wnukiem-synem-Michaela-Kanada-2-683x1024.jpg 683w, https:\/\/humanosh.org\/wp-content\/uploads\/2026\/09\/Julian-Tepper-z-wnukiem-synem-Michaela-Kanada-2-200x300.jpg 200w, https:\/\/humanosh.org\/wp-content\/uploads\/2026\/09\/Julian-Tepper-z-wnukiem-synem-Michaela-Kanada-2-768x1152.jpg 768w, https:\/\/humanosh.org\/wp-content\/uploads\/2026\/09\/Julian-Tepper-z-wnukiem-synem-Michaela-Kanada-2-8x12.jpg 8w, https:\/\/humanosh.org\/wp-content\/uploads\/2026\/09\/Julian-Tepper-z-wnukiem-synem-Michaela-Kanada-2.jpg 1000w\" sizes=\"(max-width: 683px) 100vw, 683px\" \/><figcaption class=\"wp-element-caption\">ulian Tepper z wnukiem (synem<br>Michaela), Kanada<\/figcaption><\/figure>\n\n\n\n<figure class=\"wp-block-image size-large\"><img decoding=\"async\" width=\"1000\" height=\"687\" fetchpriority=\"low\" data-id=\"1150\" src=\"https:\/\/humanosh.org\/wp-content\/uploads\/2026\/09\/Julian-Tepper-Millicent-Tepper-Slawa-Michael-Kanada-1982.jpg\" alt=\"ulian Tepper, Millicent Tepper, S\u0142awa, Michael, Kanada 1982\" class=\"wp-image-1150\" style=\"aspect-ratio:1\" srcset=\"https:\/\/humanosh.org\/wp-content\/uploads\/2026\/09\/Julian-Tepper-Millicent-Tepper-Slawa-Michael-Kanada-1982.jpg 1000w, https:\/\/humanosh.org\/wp-content\/uploads\/2026\/09\/Julian-Tepper-Millicent-Tepper-Slawa-Michael-Kanada-1982-300x206.jpg 300w, https:\/\/humanosh.org\/wp-content\/uploads\/2026\/09\/Julian-Tepper-Millicent-Tepper-Slawa-Michael-Kanada-1982-768x528.jpg 768w, https:\/\/humanosh.org\/wp-content\/uploads\/2026\/09\/Julian-Tepper-Millicent-Tepper-Slawa-Michael-Kanada-1982-18x12.jpg 18w\" sizes=\"(max-width: 1000px) 100vw, 1000px\" \/><figcaption class=\"wp-element-caption\">ulian Tepper, Millicent Tepper, S\u0142awa, Michael, Kanada 1982<\/figcaption><\/figure>\n\n\n\n<figure class=\"wp-block-image size-large\"><img decoding=\"async\" width=\"1024\" height=\"679\" fetchpriority=\"low\" data-id=\"1149\" src=\"https:\/\/humanosh.org\/wp-content\/uploads\/2026\/09\/Julian-Izydor-Maksymilian-Slawa-i-Halina-Tepper-1024x679.jpg\" alt=\"Julian, Izydor, Maksymilian, S\u0142awa i Halina Tepper\" class=\"wp-image-1149\" style=\"aspect-ratio:1\" srcset=\"https:\/\/humanosh.org\/wp-content\/uploads\/2026\/09\/Julian-Izydor-Maksymilian-Slawa-i-Halina-Tepper-1024x679.jpg 1024w, https:\/\/humanosh.org\/wp-content\/uploads\/2026\/09\/Julian-Izydor-Maksymilian-Slawa-i-Halina-Tepper-300x199.jpg 300w, https:\/\/humanosh.org\/wp-content\/uploads\/2026\/09\/Julian-Izydor-Maksymilian-Slawa-i-Halina-Tepper-768x509.jpg 768w, https:\/\/humanosh.org\/wp-content\/uploads\/2026\/09\/Julian-Izydor-Maksymilian-Slawa-i-Halina-Tepper-18x12.jpg 18w, https:\/\/humanosh.org\/wp-content\/uploads\/2026\/09\/Julian-Izydor-Maksymilian-Slawa-i-Halina-Tepper.jpg 1250w\" sizes=\"(max-width: 1024px) 100vw, 1024px\" \/><figcaption class=\"wp-element-caption\">Julian, Izydor, Maksymilian, S\u0142awa<br>i Halina Tepper<\/figcaption><\/figure>\n\n\n\n<figure class=\"wp-block-image size-large\"><img decoding=\"async\" width=\"1000\" height=\"671\" fetchpriority=\"low\" data-id=\"1148\" src=\"https:\/\/humanosh.org\/wp-content\/uploads\/2026\/09\/Halina-Tepper-z-wnukiem-Kanada.jpg\" alt=\"\" class=\"wp-image-1148\" style=\"aspect-ratio:1\" srcset=\"https:\/\/humanosh.org\/wp-content\/uploads\/2026\/09\/Halina-Tepper-z-wnukiem-Kanada.jpg 1000w, https:\/\/humanosh.org\/wp-content\/uploads\/2026\/09\/Halina-Tepper-z-wnukiem-Kanada-300x201.jpg 300w, https:\/\/humanosh.org\/wp-content\/uploads\/2026\/09\/Halina-Tepper-z-wnukiem-Kanada-768x515.jpg 768w, https:\/\/humanosh.org\/wp-content\/uploads\/2026\/09\/Halina-Tepper-z-wnukiem-Kanada-18x12.jpg 18w\" sizes=\"(max-width: 1000px) 100vw, 1000px\" \/><\/figure>\n<\/figure>\n<\/div>\n<\/div>\n<\/div>\n\n\n\n<p class=\"wp-block-paragraph\">Trzydzie\u015bci dziewi\u0119\u0107 os\u00f3b, trzydzie\u015bci dziewi\u0119\u0107 osobnych historii, jedna wsp\u00f3lna piwnica pod domem przy ulicy Szaszkiewicza w Drohobyczu. Wi\u0119cej o samej S\u0142awie i Izydorze Wo\u0142osia\u0144skich mo\u017cna przeczyta\u0107 w <a href=\"\/en\/historia_slawy_i_izydora_wolosianskich\/\">g\u0142\u00f3wnym artykule po\u015bwi\u0119conym ich historii<\/a>.<\/p>","protected":false},"excerpt":{"rendered":"<p>Trzydzie\u015bci dziewi\u0119\u0107 os\u00f3b pochodzenia \u017cydowskiego przetrwa\u0142o niemieck\u0105 okupacj\u0119 Drohobycza, ukrywaj\u0105c si\u0119 przez dwadzie\u015bcia dwa miesi\u0105ce w piwnicy pod domem S\u0142awy i Izydora Wo\u0142osia\u0144skich. Byli w\u015br\u00f3d nich lekarze, prawnicy, krawcowe, dzieci w wieku kilku lat i osoby starsze. Poni\u017cej opowiadamy, kim byli i jak potoczy\u0142y si\u0119 ich dalsze losy. Trzydzie\u015bci dziewi\u0119\u0107 os\u00f3b, trzydzie\u015bci dziewi\u0119\u0107 osobnych historii, [&hellip;]<\/p>\n","protected":false},"author":2,"featured_media":0,"parent":0,"menu_order":0,"comment_status":"closed","ping_status":"closed","template":"","meta":{"footnotes":""},"class_list":["post-935","page","type-page","status-publish","hentry"],"_links":{"self":[{"href":"https:\/\/humanosh.org\/en\/wp-json\/wp\/v2\/pages\/935","targetHints":{"allow":["GET"]}}],"collection":[{"href":"https:\/\/humanosh.org\/en\/wp-json\/wp\/v2\/pages"}],"about":[{"href":"https:\/\/humanosh.org\/en\/wp-json\/wp\/v2\/types\/page"}],"author":[{"embeddable":true,"href":"https:\/\/humanosh.org\/en\/wp-json\/wp\/v2\/users\/2"}],"replies":[{"embeddable":true,"href":"https:\/\/humanosh.org\/en\/wp-json\/wp\/v2\/comments?post=935"}],"version-history":[{"count":21,"href":"https:\/\/humanosh.org\/en\/wp-json\/wp\/v2\/pages\/935\/revisions"}],"predecessor-version":[{"id":1159,"href":"https:\/\/humanosh.org\/en\/wp-json\/wp\/v2\/pages\/935\/revisions\/1159"}],"wp:attachment":[{"href":"https:\/\/humanosh.org\/en\/wp-json\/wp\/v2\/media?parent=935"}],"curies":[{"name":"wp","href":"https:\/\/api.w.org\/{rel}","templated":true}]}}